{"version":"1.0","provider_name":"Universit\u00e9 de la Fondation Dr Aristide","provider_url":"https:\/\/unifa-edu.info\/contenu","title":"Avis de d\u00e9c\u00e8s de Me Roger Petit-Fr\u00e8re - Universit\u00e9 de la Fondation Dr Aristide","type":"rich","width":600,"height":338,"html":"<blockquote class=\"wp-embedded-content\" data-secret=\"NZD4ou4Y1r\"><a href=\"https:\/\/unifa-edu.info\/contenu\/2019\/08\/note-de-deces\/\">Avis de d\u00e9c\u00e8s de Me Roger Petit-Fr\u00e8re<\/a><\/blockquote><iframe sandbox=\"allow-scripts\" security=\"restricted\" src=\"https:\/\/unifa-edu.info\/contenu\/2019\/08\/note-de-deces\/embed\/#?secret=NZD4ou4Y1r\" width=\"600\" height=\"338\" title=\"\u00ab\u00a0Avis de d\u00e9c\u00e8s de Me Roger Petit-Fr\u00e8re\u00a0\u00bb &#8212; Universit\u00e9 de la Fondation Dr Aristide\" data-secret=\"NZD4ou4Y1r\" frameborder=\"0\" marginwidth=\"0\" marginheight=\"0\" scrolling=\"no\" class=\"wp-embedded-content\"><\/iframe><script type=\"text\/javascript\">\n\/* <![CDATA[ *\/\n\/*! This file is auto-generated *\/\n!function(d,l){\"use strict\";l.querySelector&&d.addEventListener&&\"undefined\"!=typeof URL&&(d.wp=d.wp||{},d.wp.receiveEmbedMessage||(d.wp.receiveEmbedMessage=function(e){var t=e.data;if((t||t.secret||t.message||t.value)&&!\/[^a-zA-Z0-9]\/.test(t.secret)){for(var s,r,n,a=l.querySelectorAll('iframe[data-secret=\"'+t.secret+'\"]'),o=l.querySelectorAll('blockquote[data-secret=\"'+t.secret+'\"]'),c=new RegExp(\"^https?:$\",\"i\"),i=0;i<o.length;i++)o[i].style.display=\"none\";for(i=0;i<a.length;i++)s=a[i],e.source===s.contentWindow&&(s.removeAttribute(\"style\"),\"height\"===t.message?(1e3<(r=parseInt(t.value,10))?r=1e3:~~r<200&&(r=200),s.height=r):\"link\"===t.message&&(r=new URL(s.getAttribute(\"src\")),n=new URL(t.value),c.test(n.protocol))&&n.host===r.host&&l.activeElement===s&&(d.top.location.href=t.value))}},d.addEventListener(\"message\",d.wp.receiveEmbedMessage,!1),l.addEventListener(\"DOMContentLoaded\",function(){for(var e,t,s=l.querySelectorAll(\"iframe.wp-embedded-content\"),r=0;r<s.length;r++)(t=(e=s[r]).getAttribute(\"data-secret\"))||(t=Math.random().toString(36).substring(2,12),e.src+=\"#?secret=\"+t,e.setAttribute(\"data-secret\",t)),e.contentWindow.postMessage({message:\"ready\",secret:t},\"*\")},!1)))}(window,document);\n\/\/# sourceURL=https:\/\/unifa-edu.info\/contenu\/wp-includes\/js\/wp-embed.min.js\n\/* ]]> *\/\n<\/script>\n","thumbnail_url":"https:\/\/unifa-edu.info\/contenu\/wp-content\/uploads\/2019\/08\/RogerPetit-frere.jpg","thumbnail_width":275,"thumbnail_height":183,"description":"Tabarre, le 8 Ao\u00fbt 2019 AVIS DE D\u00c9C\u00c8S C\u2019est avec beaucoup de peine et d\u2019\u00e9motion que le Conseil d\u2019Administration de l\u2019Universit\u00e9 se joint au Rectorat et au D\u00e9canat de la Facult\u00e9 des Sciences Juridiques et Politiques pour annoncer le d\u00e9c\u00e8s de Me Roger Petit-Fr\u00e8re, Professeur \u00e0 ladite Facult\u00e9."}