{"id":169,"date":"2019-07-31T19:31:17","date_gmt":"2019-07-31T23:31:17","guid":{"rendered":"http:\/\/unifa.edu.ht\/index\/?page_id=169"},"modified":"2023-06-18T12:32:31","modified_gmt":"2023-06-18T16:32:31","slug":"notre-campus","status":"publish","type":"page","link":"https:\/\/unifa-edu.info\/contenu\/notre-campus\/","title":{"rendered":"Notre Campus"},"content":{"rendered":"<h4><i>Le Milieu par excellence pour l\u2019acquisition du Savoir\u201d<\/i><\/h4>\n<hr \/>\n<div style=\"text-align: justify;\"><a href=\"\/contenu\/wp-content\/uploads\/2014\/03\/qq.jpg\"><img decoding=\"async\" class=\"alignright\" src=\"\/contenu\/wp-content\/uploads\/2014\/03\/qq.jpg\" alt=\"qq\" height=\"250\" \/><\/a>Derri\u00e8re notre bicolore flottant fi\u00e8rement, l\u2019Universit\u00e9 de la Fondation Dr Aristide, au d\u00e9but de l&#8217;ann\u00e9e acad\u00e9mique 2013-2014, retrouva joyeusement ses couleurs (bleu et blanc), conform\u00e9ment \u00e0 l\u2019article 18 de l\u2019Acte Constitutif de l\u2019UNIFA. Vive la diff\u00e9rence !Deux\u00a0 b\u00e2timents flambant neufs sont am\u00e9nag\u00e9s pour loger la Facult\u00e9 des Sciences Infirmi\u00e8res, la Facult\u00e9 des Sciences Juridiques et Politiques et la Facult\u00e9 de G\u00e9nie.<\/p>\n<\/div>\n<p><a href=\"\/contenu\/wp-content\/uploads\/2014\/03\/bbbb.jpg\">\u00a0<\/a><\/p>\n<h4>R\u00e9sidences des Professeurs<\/h4>\n<hr \/>\n<div style=\"text-align: justify;\">Vingt r\u00e9sidences identiques, aussi coquettes que celles-ci sont r\u00e9serv\u00e9es aux professeurs. Elles sont regroup\u00e9es en 5 p\u00e2t\u00e9s de quatre maisons en vis-\u00e0-vis.\u00a0 Devant elles, un \u00e9cran d\u2019arbres les ombrage, entre elles, une aire de stationnement dessert les r\u00e9sidents.<\/div>\n<table>\n<tbody>\n<tr>\n<td><a href=\"\/contenu\/wp-content\/uploads\/2014\/03\/cc.png\"><img decoding=\"async\" class=\"alignleft\" src=\"\/contenu\/wp-content\/uploads\/2014\/03\/cc.png\" alt=\"cc\" width=\"282\" height=\"132\" \/><\/a><\/td>\n<td><img decoding=\"async\" class=\"aligncenter\" src=\"\/contenu\/wp-content\/uploads\/2014\/03\/zz1.jpg\" alt=\"zz\" width=\"285\" height=\"134\" \/><\/td>\n<\/tr>\n<\/tbody>\n<\/table>\n<h5 style=\"text-align: center;\">Une vue de ces r\u00e9sidences !<\/h5>\n<div style=\"text-align: justify;\">Surtout sans nuire \u00e0 l\u2019architecture, chacun personnalise son espace, l\u2019enjolive en y ajoutant sa touche\u00a0: Gravier, plantes de son choix . . .Un espace qui vit\u00a0: Aujourd\u2019hui est surement samedi, le jour du grand m\u00e9nage.<\/div>\n<h4>Appartement de L&#8217;UNIFA<\/h4>\n<hr \/>\n<div style=\"text-align: justify;\">Les circulations horizontale et verticale, la fonctionalit\u00e9 des espaces , des priorit\u00e9s de l\u2019architecte!\u00a0\u00a0\u00a0La galerie longitudinale qui \u00a0donne acc\u00e8s au diff\u00e9rents appartements, la cage d\u2019escaliers a\u00e9r\u00e9e, ouverte, en sont les illustrations manifestes.\u00a0<img decoding=\"async\" title=\"Lire la suite\u2026\" src=\"\/contenu\/wp-includes\/js\/tinymce\/plugins\/wordpress\/img\/trans.gif\" alt=\"\" \/><\/div>\n<p><a href=\"\/contenu\/wp-content\/uploads\/2014\/03\/dd.jpg\"><img fetchpriority=\"high\" decoding=\"async\" class=\"aligncenter\" src=\"\/contenu\/wp-content\/uploads\/2014\/03\/dd-300x181.jpg\" alt=\"dd\" width=\"467\" height=\"282\" \/><\/a><\/p>\n<p><a href=\"\/contenu\/wp-content\/uploads\/2014\/03\/3.jpg\"><img loading=\"lazy\" decoding=\"async\" class=\"size-medium wp-image-868 alignleft\" src=\"\/contenu\/wp-content\/uploads\/2014\/03\/3-300x152.jpg\" width=\"300\" height=\"152\" \/><\/a><\/p>\n<p>Dans ce b\u00e2timent\u00a0 cach\u00e9 par ce rideau d\u2019arbres et la fa\u00e7ade rythm\u00e9e de\u00a0\u00ab\u00a0jeux \u00bb de 3 fen\u00eatres rectangulaires, l\u2019on contemple \u00a032 appartements avec des blocs sanitaires (Hommes\u00a0\/ Femmes). L\u2019escalier de secours n\u2019\u00e9chappe pas \u00e0 notre attention.<\/p>\n<p>R\u00e9parer ce b\u00e2timent reste l\u2019une de nos priorit\u00e9s imm\u00e9diates.<\/p>\n<p>Soit un\u00a0 total de 128 appartements et les 20 r\u00e9sidences des\u00a0 professeurs \u00a0qui nous projettent un village d\u2019excellence. Des espaces parasismiques, bien ventil\u00e9s r\u00e9pondant aux exigences de notre g\u00e9ologie, de notre climat ont structurellement r\u00e9sist\u00e9 au tremblement de terre du 12 janvier 2010.<\/p>\n<p>&nbsp;<\/p>\n<h4>Campus Sportif<\/h4>\n<hr \/>\n<div style=\"text-align: justify;\"><img loading=\"lazy\" decoding=\"async\" class=\"wp-image-828 alignleft\" src=\"\/contenu\/wp-content\/uploads\/2014\/03\/qq2.jpg\" alt=\"qq\" width=\"372\" height=\"186\" \/>Entre l\u2019Universit\u00e9 de la Fondation Dr Aristide et\u00a0 le village de l\u2019Excellence: le campus sportif. Quatre terrains de basket, un terrain de football, une piste d\u2019athl\u00e9tisme s\u2019ouvrent aux sportifs. Les jeunes du quartier de Tabarre s\u2019approprient ces espaces de jeux. L\u2019UNIFA y organise des activit\u00e9s en fin de semaine, des championnats de vacances permettant ainsi aux jeunes de se recr\u00e9er, tout en gardant la forme.<\/div>\n","protected":false},"excerpt":{"rendered":"<p>Le Milieu par excellence pour l\u2019acquisition du Savoir\u201d Derri\u00e8re notre bicolore flottant fi\u00e8rement, l\u2019Universit\u00e9 de la Fondation Dr Aristide, au d\u00e9but de l&#8217;ann\u00e9e acad\u00e9mique 2013-2014, retrouva joyeusement ses couleurs (bleu et blanc), conform\u00e9ment \u00e0 l\u2019article 18 de l\u2019Acte Constitutif de l\u2019UNIFA. Vive la diff\u00e9rence !Deux\u00a0 b\u00e2timents flambant neufs sont am\u00e9nag\u00e9s pour loger la Facult\u00e9 des lire &hellip; <a href=\"https:\/\/unifa-edu.info\/contenu\/notre-campus\/\">Continue reading <span class=\"meta-nav\">&rarr;<\/span><\/a><\/p>\n","protected":false},"author":3831,"featured_media":0,"parent":0,"menu_order":3,"comment_status":"closed","ping_status":"closed","template":"","meta":{"footnotes":""},"class_list":["post-169","page","type-page","status-publish","hentry"],"yoast_head":"<!-- This site is optimized with the Yoast SEO plugin v27.5 - https:\/\/yoast.com\/product\/yoast-seo-wordpress\/ -->\n<title>Notre Campus - Universit\u00e9 de la Fondation Dr Aristide<\/title>\n<meta name=\"robots\" content=\"index, follow, max-snippet:-1, max-image-preview:large, max-video-preview:-1\" \/>\n<link rel=\"canonical\" href=\"https:\/\/unifa-edu.info\/contenu\/notre-campus\/\" \/>\n<meta property=\"og:locale\" content=\"fr_FR\" \/>\n<meta property=\"og:type\" content=\"article\" \/>\n<meta property=\"og:title\" content=\"Notre Campus - Universit\u00e9 de la Fondation Dr Aristide\" \/>\n<meta property=\"og:description\" content=\"Le Milieu par excellence pour l\u2019acquisition du Savoir\u201d Derri\u00e8re notre bicolore flottant fi\u00e8rement, l\u2019Universit\u00e9 de la Fondation Dr Aristide, au d\u00e9but de l&#8217;ann\u00e9e acad\u00e9mique 2013-2014, retrouva joyeusement ses couleurs (bleu et blanc), conform\u00e9ment \u00e0 l\u2019article 18 de l\u2019Acte Constitutif de l\u2019UNIFA. Vive la diff\u00e9rence !Deux\u00a0 b\u00e2timents flambant neufs sont am\u00e9nag\u00e9s pour loger la Facult\u00e9 des lire &hellip; Continue reading &rarr;\" \/>\n<meta property=\"og:url\" content=\"https:\/\/unifa-edu.info\/contenu\/notre-campus\/\" \/>\n<meta property=\"og:site_name\" content=\"Universit\u00e9 de la Fondation Dr Aristide\" \/>\n<meta property=\"article:modified_time\" content=\"2023-06-18T16:32:31+00:00\" \/>\n<meta name=\"twitter:card\" content=\"summary_large_image\" \/>\n<meta name=\"twitter:label1\" content=\"Dur\u00e9e de lecture estim\u00e9e\" \/>\n\t<meta name=\"twitter:data1\" content=\"4 minutes\" \/>\n<script type=\"application\/ld+json\" class=\"yoast-schema-graph\">{\"@context\":\"https:\\\/\\\/schema.org\",\"@graph\":[{\"@type\":\"WebPage\",\"@id\":\"https:\\\/\\\/unifa-edu.info\\\/contenu\\\/notre-campus\\\/\",\"url\":\"https:\\\/\\\/unifa-edu.info\\\/contenu\\\/notre-campus\\\/\",\"name\":\"Notre Campus - Universit\u00e9 de la Fondation Dr Aristide\",\"isPartOf\":{\"@id\":\"https:\\\/\\\/unifa-edu.info\\\/contenu\\\/#website\"},\"datePublished\":\"2019-07-31T23:31:17+00:00\",\"dateModified\":\"2023-06-18T16:32:31+00:00\",\"breadcrumb\":{\"@id\":\"https:\\\/\\\/unifa-edu.info\\\/contenu\\\/notre-campus\\\/#breadcrumb\"},\"inLanguage\":\"fr-FR\",\"potentialAction\":[{\"@type\":\"ReadAction\",\"target\":[\"https:\\\/\\\/unifa-edu.info\\\/contenu\\\/notre-campus\\\/\"]}]},{\"@type\":\"BreadcrumbList\",\"@id\":\"https:\\\/\\\/unifa-edu.info\\\/contenu\\\/notre-campus\\\/#breadcrumb\",\"itemListElement\":[{\"@type\":\"ListItem\",\"position\":1,\"name\":\"Accueil\",\"item\":\"https:\\\/\\\/unifa-edu.info\\\/contenu\\\/\"},{\"@type\":\"ListItem\",\"position\":2,\"name\":\"Notre Campus\"}]},{\"@type\":\"WebSite\",\"@id\":\"https:\\\/\\\/unifa-edu.info\\\/contenu\\\/#website\",\"url\":\"https:\\\/\\\/unifa-edu.info\\\/contenu\\\/\",\"name\":\"Universit\u00e9 de la Fondation Dr Aristide\",\"description\":\"\",\"potentialAction\":[{\"@type\":\"SearchAction\",\"target\":{\"@type\":\"EntryPoint\",\"urlTemplate\":\"https:\\\/\\\/unifa-edu.info\\\/contenu\\\/?s={search_term_string}\"},\"query-input\":{\"@type\":\"PropertyValueSpecification\",\"valueRequired\":true,\"valueName\":\"search_term_string\"}}],\"inLanguage\":\"fr-FR\"}]}<\/script>\n<!-- \/ Yoast SEO plugin. -->","yoast_head_json":{"title":"Notre Campus - Universit\u00e9 de la Fondation Dr Aristide","robots":{"index":"index","follow":"follow","max-snippet":"max-snippet:-1","max-image-preview":"max-image-preview:large","max-video-preview":"max-video-preview:-1"},"canonical":"https:\/\/unifa-edu.info\/contenu\/notre-campus\/","og_locale":"fr_FR","og_type":"article","og_title":"Notre Campus - Universit\u00e9 de la Fondation Dr Aristide","og_description":"Le Milieu par excellence pour l\u2019acquisition du Savoir\u201d Derri\u00e8re notre bicolore flottant fi\u00e8rement, l\u2019Universit\u00e9 de la Fondation Dr Aristide, au d\u00e9but de l&#8217;ann\u00e9e acad\u00e9mique 2013-2014, retrouva joyeusement ses couleurs (bleu et blanc), conform\u00e9ment \u00e0 l\u2019article 18 de l\u2019Acte Constitutif de l\u2019UNIFA. Vive la diff\u00e9rence !Deux\u00a0 b\u00e2timents flambant neufs sont am\u00e9nag\u00e9s pour loger la Facult\u00e9 des lire &hellip; Continue reading &rarr;","og_url":"https:\/\/unifa-edu.info\/contenu\/notre-campus\/","og_site_name":"Universit\u00e9 de la Fondation Dr Aristide","article_modified_time":"2023-06-18T16:32:31+00:00","twitter_card":"summary_large_image","twitter_misc":{"Dur\u00e9e de lecture estim\u00e9e":"4 minutes"},"schema":{"@context":"https:\/\/schema.org","@graph":[{"@type":"WebPage","@id":"https:\/\/unifa-edu.info\/contenu\/notre-campus\/","url":"https:\/\/unifa-edu.info\/contenu\/notre-campus\/","name":"Notre Campus - Universit\u00e9 de la Fondation Dr Aristide","isPartOf":{"@id":"https:\/\/unifa-edu.info\/contenu\/#website"},"datePublished":"2019-07-31T23:31:17+00:00","dateModified":"2023-06-18T16:32:31+00:00","breadcrumb":{"@id":"https:\/\/unifa-edu.info\/contenu\/notre-campus\/#breadcrumb"},"inLanguage":"fr-FR","potentialAction":[{"@type":"ReadAction","target":["https:\/\/unifa-edu.info\/contenu\/notre-campus\/"]}]},{"@type":"BreadcrumbList","@id":"https:\/\/unifa-edu.info\/contenu\/notre-campus\/#breadcrumb","itemListElement":[{"@type":"ListItem","position":1,"name":"Accueil","item":"https:\/\/unifa-edu.info\/contenu\/"},{"@type":"ListItem","position":2,"name":"Notre Campus"}]},{"@type":"WebSite","@id":"https:\/\/unifa-edu.info\/contenu\/#website","url":"https:\/\/unifa-edu.info\/contenu\/","name":"Universit\u00e9 de la Fondation Dr Aristide","description":"","potentialAction":[{"@type":"SearchAction","target":{"@type":"EntryPoint","urlTemplate":"https:\/\/unifa-edu.info\/contenu\/?s={search_term_string}"},"query-input":{"@type":"PropertyValueSpecification","valueRequired":true,"valueName":"search_term_string"}}],"inLanguage":"fr-FR"}]}},"_links":{"self":[{"href":"https:\/\/unifa-edu.info\/contenu\/wp-json\/wp\/v2\/pages\/169","targetHints":{"allow":["GET"]}}],"collection":[{"href":"https:\/\/unifa-edu.info\/contenu\/wp-json\/wp\/v2\/pages"}],"about":[{"href":"https:\/\/unifa-edu.info\/contenu\/wp-json\/wp\/v2\/types\/page"}],"author":[{"embeddable":true,"href":"https:\/\/unifa-edu.info\/contenu\/wp-json\/wp\/v2\/users\/3831"}],"replies":[{"embeddable":true,"href":"https:\/\/unifa-edu.info\/contenu\/wp-json\/wp\/v2\/comments?post=169"}],"version-history":[{"count":13,"href":"https:\/\/unifa-edu.info\/contenu\/wp-json\/wp\/v2\/pages\/169\/revisions"}],"predecessor-version":[{"id":4204,"href":"https:\/\/unifa-edu.info\/contenu\/wp-json\/wp\/v2\/pages\/169\/revisions\/4204"}],"wp:attachment":[{"href":"https:\/\/unifa-edu.info\/contenu\/wp-json\/wp\/v2\/media?parent=169"}],"curies":[{"name":"wp","href":"https:\/\/api.w.org\/{rel}","templated":true}]}}