{"id":223,"date":"2019-08-01T09:50:53","date_gmt":"2019-08-01T13:50:53","guid":{"rendered":"http:\/\/unifa.edu.ht\/index\/?page_id=223"},"modified":"2021-09-10T01:40:42","modified_gmt":"2021-09-10T05:40:42","slug":"accueil","status":"publish","type":"page","link":"https:\/\/unifa-edu.info\/contenu\/accueil\/","title":{"rendered":"Bienvenue sur le site de l&#8217;UNIFA"},"content":{"rendered":"<hr\/>\n<div style=\"text-align: center;\">\n<h2>\n   <img loading=\"lazy\" decoding=\"async\" src=\"https:\/\/unifa-edu.info\/contenu\/wp-content\/uploads\/2021\/07\/logo-circle-300x300.png\" alt=\"\" width=\"200\" height=\"200\" class=\"alignnone size-medium wp-image-17323\" srcset=\"https:\/\/unifa-edu.info\/contenu\/wp-content\/uploads\/2021\/07\/logo-circle-300x300.png 300w, https:\/\/unifa-edu.info\/contenu\/wp-content\/uploads\/2021\/07\/logo-circle-150x150.png 150w, https:\/\/unifa-edu.info\/contenu\/wp-content\/uploads\/2021\/07\/logo-circle.png 546w\" sizes=\"(max-width: 200px) 100vw, 200px\" \/> <\/p>\n<p>   Avis<\/p>\n<p>   Les r\u00e9sultats du concours d&#8217;admission seront disponibles au campus de l&#8217;Universit\u00e9 le Jeudi 9  Septembre \u00e0 10 hres AM.<br \/>\n <\/h2>\n<\/div>\n<p><\/br><\/p>\n<hr\/>\n<div style=\"text-align: center;\">\n<h2> UNIFARISTES ET CLINIQUES MOBILES DANS LA GRANDE ANSE <\/h2>\n<\/div>\n<p>LES MEDECINS  DIPLOMES DE L\u2019UNIVERSITE DE LA FONDATION DR ARISTIDE (UNIFA)  SE METTENT  AU SERVICE DES BLESSES DES COMMUNAUTES DE  LA GRANDE ANSE, VICTIMES DU SEISME DU 14 AOUT 2021.<\/p>\n<div style=\"text-align: center;\">\n<img loading=\"lazy\" decoding=\"async\" src=\"https:\/\/unifa-edu.info\/contenu\/wp-content\/uploads\/2021\/09\/Screen-Shot-2021-09-08-at-5.13.53-PM-300x135.png\" alt=\"\" width=\"500\" height=\"200\" class=\"alignnone size-medium wp-image-17517\" \/>\n<\/div>\n<div style=\"text-align: center;\">\n<small> Des hommes et des femmes  de tous \u00e2ges, des enfants sont venus chercher des soins <br \/> \u00e0 la clinique mobile des m\u00e9decins dipl\u00f4m\u00e9s de l\u2019UNIFA. <\/small>\n<\/div>\n<p><\/p>\n<p>Des cliniques mobiles  sont en cours de  r\u00e9alisation dans la Grande Anse par des m\u00e9decins dipl\u00f4m\u00e9s de l\u2019UNIFA.  La premi\u00e8re  clinique mobile a commenc\u00e9   au lyc\u00e9e de Chambellan  et d\u2019autres seront r\u00e9alis\u00e9es  dans des communes et Sections Communales.<\/p>\n<div style=\"text-align: center;\">\n<img loading=\"lazy\" decoding=\"async\" src=\"https:\/\/unifa-edu.info\/contenu\/wp-content\/uploads\/2021\/09\/Screen-Shot-2021-09-08-at-5.14.09-PM-300x125.png\" alt=\"\" width=\"500\" height=\"200\" class=\"alignnone size-medium wp-image-17518\" \/>\n<\/div>\n<div style=\"text-align: center;\">\n<small> Une salle de classe du lyc\u00e9e de Chambellan transform\u00e9e en espace  de consultation. <\/small>\n<\/div>\n<p><\/p>\n<p>Une \u00e9quipe compos\u00e9e de cinq  femmes m\u00e9decins dipl\u00f4m\u00e9es de l\u2019UNIFA a  innov\u00e9 pour voler au secours des victimes de la Grande Anse. Ces m\u00e9decins  offrent leur aide aux populations du D\u00e9partement de la Grande Anse,  touch\u00e9es par le s\u00e9isme du 14 aout 2021.<br \/>\nTrois d\u2019entre elles partagent  cette  exp\u00e9rience avec la communaut\u00e9 unifariste et la population ha\u00eftienne en g\u00e9n\u00e9rale. <\/p>\n<div style=\"text-align: center;\">\n<img loading=\"lazy\" decoding=\"async\" src=\"https:\/\/unifa-edu.info\/contenu\/wp-content\/uploads\/2021\/09\/Screen-Shot-2021-09-08-at-5.14.24-PM-300x125.png\" alt=\"\" width=\"500\" height=\"200\" class=\"alignnone size-medium wp-image-17519\" \/>\n<\/div>\n<div style=\"text-align: center;\">\n<small> Tr\u00e8s sures d\u2019elles-m\u00eames, les m\u00e9decins se concertent entre elles. Elles sont toutes des femmes <br \/> \u00e0 entreprendre cette initiative avec le support  mat\u00e9riel de l\u2019Universit\u00e9 de la Fondation Dr Aristide.  <\/small>\n<\/div>\n<p><\/p>\n<p>\u00ab\u00a0Je suis le Docteur Rose Laure Calas, originaire de J\u00e9r\u00e9mie. Je suis de la promotion 2013-2019 de l\u2019Universit\u00e9 de la Fondation Dr Aristide. J\u2019\u00e9tais  d\u00e9j\u00e0 sur place dans la Grande Anse, en Service Social au moment du s\u00e9isme.  En accord avec d\u2019autres \u00e9tudiantes  de ma promotion qui faisaient leur Service Social dans  la Grande Anse, nous avons eu l\u2019id\u00e9e de  former une \u00e9quipe pour venir en aide aux populations victimes du s\u00e9isme quand entre temps, le Pr\u00e9sident de l\u2019UNIFA,  le Docteur Jean- Bertrand Aristide nous a contact\u00e9s et nous a propos\u00e9  son support en termes de mat\u00e9riels n\u00e9cessaires et de m\u00e9dicaments pour les patients que nous aurons \u00e0 consulter\u00a0<\/p>\n<div style=\"text-align: center;\">\n<img loading=\"lazy\" decoding=\"async\" src=\"https:\/\/unifa-edu.info\/contenu\/wp-content\/uploads\/2021\/09\/Screen-Shot-2021-09-08-at-5.14.43-PM-264x300.png\" alt=\"\" width=\"500\" height=\"250\" class=\"alignnone size-medium wp-image-17520\" \/>\n<\/div>\n<div style=\"text-align: center;\">\n<small> Des m\u00e9dicaments essentiels sont mis \u00e0 notre disposition par <br \/> le Docteur Jean &#8211; Bertrand Aristide, Pr\u00e9sident de l\u2019UNIFA. <\/small>\n<\/div>\n<p><\/p>\n<p>D\u2019autres m\u00e9decins unifaristes en Service Social \u00e0 Corail et \u00e0  Pestel  ont  rejoint l\u2019\u00e9quipe et depuis le lundi 06 septembre nous offrons des soins \u00e0  la population de Chambellan. Notre clinique est install\u00e9e au lyc\u00e9e de Chambellan, local qui nous a \u00e9t\u00e9 offert par l\u2019ASEC de la communaut\u00e9.<\/p>\n<div style=\"text-align: center;\">\n<img loading=\"lazy\" decoding=\"async\" src=\"https:\/\/unifa-edu.info\/contenu\/wp-content\/uploads\/2021\/09\/Screen-Shot-2021-09-08-at-5.15.06-PM-300x135.png\" alt=\"\" width=\"500\" height=\"200\" class=\"alignnone size-medium wp-image-17521\" \/>\n<\/div>\n<div style=\"text-align: center;\">\n<small> Toutes les d\u00e9cisions sont prises \u00e0 travers la concertation. <\/small>\n<\/div>\n<p><\/p>\n<p>En deux jours,  j\u2019ai consult\u00e9 une centaine de patients et ceci pour diff\u00e9rentes pathologies et nous leur avons offert gratuitement des m\u00e9dicaments, gr\u00e2ce au support du Pr\u00e9sident  de l\u2019UNIFA.<br \/>\n<br \/>\n<strong>Je suis contente de cette exp\u00e9rience.  J\u2019ai l\u2019opportunit\u00e9 de servir la population du d\u00e9partement o\u00f9  je suis n\u00e9e.\u00a0\u00bb<\/strong><\/p>\n<div style=\"text-align: center;\">\n<img loading=\"lazy\" decoding=\"async\" src=\"https:\/\/unifa-edu.info\/contenu\/wp-content\/uploads\/2021\/09\/Screen-Shot-2021-09-08-at-5.15.40-PM-300x135.png\" alt=\"\" width=\"500\" height=\"200\" class=\"alignnone size-medium wp-image-17522\" \/>\n<\/div>\n<div style=\"text-align: center;\">\n<small> Une vue de la salle de consultation  de la clinique mobile  \u00e0  Chambellan <\/small>\n<\/div>\n<p><\/p>\n<p>\u00ab\u00a0Je suis le Docteur Elicard Joseph. Ma m\u00e8re est originaire de Pestel et c\u2019est pour cela que j\u2019avais choisi de faire mon Service Social \u00e0  Pestel.  Le s\u00e9isme m\u2019a surpris dans la Grande Anse et de l\u00e0,  en accord avec les autres  coll\u00e8gues  unitaristes, il nous est venu  l\u2019id\u00e9e  de nous mettre ensemble pour offrir  des soins m\u00e9dicaux aux victimes du s\u00e9isme. <\/p>\n<p>Le Pr\u00e9sident de l\u2019UNIFA, le Docteur Jean- Bertrand Aristide  nous a contact\u00e9s entre temps et il  a renforc\u00e9 et soutenu l\u2019id\u00e9e que nous organisions des cliniques mobiles dans la Grande Anse. Il nous a fourni du mat\u00e9riel et tous les m\u00e9dicaments  essentiels pour r\u00e9pondre aux besoins de la population (m\u00e9dicaments contre le diab\u00e8te, l\u2019hypertension art\u00e9rielle, des parasitoses etc). Les m\u00e9dicaments non seulement sont disponibles, ils sont suffisants et  adapt\u00e9s \u00e0 chaque pathologie.<\/p>\n<p>L\u2019exp\u00e9rience va continuer dans tout le d\u00e9partement de  la Grande Anse. Dans  les prochains  jours nous serons \u00e0 Carcasse (Les Irois). <\/p>\n<p>Notre \u00e9quipe a fait une r\u00e9partition des patients en fonction de leur sexe et tranche d\u2019\u00e2ge  (enfant, homme, femme). C\u2019est une fa\u00e7on pour nous d\u2019\u00eatre plus efficace  dans notre travail et nous comptons pr\u00e9senter des statistiques de mani\u00e8re p\u00e9riodique pour \u00e9valuer  le nombre de patients que nous avons consult\u00e9 et trait\u00e9.<\/p>\n<p>Durant les  deux  premi\u00e8res journ\u00e9es de clinique mobile, j\u2019ai  consult\u00e9  60 personnes. La population appr\u00e9cie notre travail. Nous allons vers les familles, nous faisons le porte \u00e0 porte pour aller chercher les personnes qui n\u00e9cessitent des soins m\u00e9dicaux de m\u00eame que celles qui ont \u00e9t\u00e9 bless\u00e9es ou fractur\u00e9es au moment du s\u00e9isme.<\/p>\n<p><strong>Je suis contente de servir la population du d\u00e9partement o\u00f9  ma m\u00e8re a pris naissance.\u00a0\u00bb<\/strong><\/p>\n<div style=\"text-align: center;\">\n<img loading=\"lazy\" decoding=\"async\" src=\"https:\/\/unifa-edu.info\/contenu\/wp-content\/uploads\/2021\/09\/Screen-Shot-2021-09-08-at-5.15.55-PM-300x135.png\" alt=\"\" width=\"500\" height=\"200\" class=\"alignnone size-medium wp-image-17523\" \/>\n<\/div>\n<div style=\"text-align: center;\">\n<small> Une foule bien calme et  patiente o\u00f9 chacun attend son tour. <\/small>\n<\/div>\n<p><\/p>\n<p>\u00ab\u00a0Je suis le <strong> Docteur G\u00e9raldine  Germ\u00e9us. <\/strong> J\u2019ai  r\u00e9alis\u00e9  mes \u00e9tudes en M\u00e9decine \u00e0 l\u2019Universit\u00e9 de la Fondation Dr Aristide (UNIFA).  Contrairement aux  autres coll\u00e8gues, je ne suis pas de la Grande Anse   mais j\u2019\u00e9tais en Service Social \u00e0 Corail quand le s\u00e9isme a frapp\u00e9 les d\u00e9partements de la Grande Anse, des Nippes  et  du  sud.  J\u2019ai \u00e9t\u00e9 contact\u00e9e par les Docteurs Calas et Lubin pour int\u00e9grer le groupe qui voulait offrir leur service \u00e0 la population. Je n\u2019ai pas h\u00e9sit\u00e9  \u00e0 l\u2019id\u00e9e d\u2019int\u00e9grer le projet et je suis fi\u00e8re d\u2019en faire partie. <\/p>\n<p>Depuis le lundi 06 septembre  2021, je participe avec  mes camarades de l\u2019UNIFA \u00e0 un programme de clinique mobile soutenue par l\u2019Universit\u00e9 de la Fondation Dr Aristide \u00e0 travers des dons en mat\u00e9riel et m\u00e9dicaments  qui sont d\u2019ailleurs nettement suffisants. Nous avons r\u00e9pertori\u00e9 beaucoup de pathologies et  nous avons consult\u00e9  environ 300 malades au cours de ces deux derniers jours.<\/p>\n<p>Il y avait un grand besoin et beaucoup de demandes en soins m\u00e9dicaux parce que dans  cette zone,  aucun dispositif en termes de soins m\u00e9dicaux n\u2019a \u00e9t\u00e9 mis en place  pour les victimes avant notre arriv\u00e9e.\u00a0<\/p>\n<div style=\"text-align: center;\">\n<img loading=\"lazy\" decoding=\"async\" src=\"https:\/\/unifa-edu.info\/contenu\/wp-content\/uploads\/2021\/09\/Screen-Shot-2021-09-08-at-5.16.39-PM-300x135.png\" alt=\"\" width=\"500\" height=\"200\" class=\"alignnone size-medium wp-image-17524\" \/>\n<\/div>\n<div style=\"text-align: center;\">\n<small> Un grand besoin en soins de sant\u00e9 que des m\u00e9decins de l\u2019UNIFA sont en train de combler. <\/small>\n<\/div>\n<p>\n<strong>Je suis contente d\u2019avoir eu l\u2019opportunit\u00e9 d\u2019offrir mon aide \u00e0 une population qui avait un si  grand  besoin en termes de soins m\u00e9dicaux.\u00a0\u00bb<\/strong><\/p>\n<hr\/>\n<div style=\"text-align: center;\">\n<h2>Concours d\u2019admission \u00e0 l\u2019Universit\u00e9 de la Fondation Dr Aristide<\/h2>\n<\/div>\n<p>Ce vendredi 03 septembre 2021 l\u2019Universit\u00e9 de la Fondation Dr Aristide (UNIFA) organise le concours d\u2019admission pour 2564 postulants dont 211 boursiers en Agronomie.<\/p>\n<p>100 bourses d\u2019\u00e9tude ont \u00e9t\u00e9 offertes par la maman du Pr\u00e9sident Aristide, \u00e0 l\u2019occasion de la c\u00e9l\u00e9bration de son centenaire. Au nom de Mme Solange Aristide, originaire de Port-Salut, UNIFA a accord\u00e9 d\u2019autres bourses aux \u00e9tudiants du Grand Sud, victimes du s\u00e9isme du 14 Ao\u00fbt 2021.<\/p>\n<p>F\u00e9licitations \u00e0 ces jeunes en qu\u00eate du savoir scientifique.<\/p>\n<div style=\"text-align: center;\">\n<img loading=\"lazy\" decoding=\"async\" src=\"https:\/\/unifa-edu.info\/contenu\/wp-content\/uploads\/2021\/09\/image-300x200.png\" alt=\"\" width=\"300\" height=\"200\" class=\"alignnone size-medium wp-image-17499\" srcset=\"https:\/\/unifa-edu.info\/contenu\/wp-content\/uploads\/2021\/09\/image-300x200.png 300w, https:\/\/unifa-edu.info\/contenu\/wp-content\/uploads\/2021\/09\/image-768x512.png 768w, https:\/\/unifa-edu.info\/contenu\/wp-content\/uploads\/2021\/09\/image-75x50.png 75w, https:\/\/unifa-edu.info\/contenu\/wp-content\/uploads\/2021\/09\/image.png 1024w\" sizes=\"(max-width: 300px) 100vw, 300px\" \/><br \/>\n<img loading=\"lazy\" decoding=\"async\" src=\"https:\/\/unifa-edu.info\/contenu\/wp-content\/uploads\/2021\/09\/image-2-300x200.png\" alt=\"\" width=\"300\" height=\"200\" class=\"alignnone size-medium wp-image-17480\" srcset=\"https:\/\/unifa-edu.info\/contenu\/wp-content\/uploads\/2021\/09\/image-2-300x200.png 300w, https:\/\/unifa-edu.info\/contenu\/wp-content\/uploads\/2021\/09\/image-2-75x50.png 75w, https:\/\/unifa-edu.info\/contenu\/wp-content\/uploads\/2021\/09\/image-2.png 624w\" sizes=\"(max-width: 300px) 100vw, 300px\" \/><br \/>\n<img loading=\"lazy\" decoding=\"async\" src=\"https:\/\/unifa-edu.info\/contenu\/wp-content\/uploads\/2021\/09\/Screen-Shot-2021-09-08-at-1.54.23-AM-300x200.png\" alt=\"\" width=\"300\" height=\"200\" class=\"alignnone size-medium wp-image-17503\" srcset=\"https:\/\/unifa-edu.info\/contenu\/wp-content\/uploads\/2021\/09\/Screen-Shot-2021-09-08-at-1.54.23-AM-300x200.png 300w, https:\/\/unifa-edu.info\/contenu\/wp-content\/uploads\/2021\/09\/Screen-Shot-2021-09-08-at-1.54.23-AM-75x50.png 75w, https:\/\/unifa-edu.info\/contenu\/wp-content\/uploads\/2021\/09\/Screen-Shot-2021-09-08-at-1.54.23-AM.png 586w\" sizes=\"(max-width: 300px) 100vw, 300px\" \/><\/p>\n<\/div>\n<div style=\"text-align: center;\">\n<img loading=\"lazy\" decoding=\"async\" src=\"https:\/\/unifa-edu.info\/contenu\/wp-content\/uploads\/2021\/09\/Screen-Shot-2021-09-08-at-1.59.26-AM-200x300.png\" alt=\"\" width=\"200\" height=\"300\" class=\"alignnone size-medium wp-image-17505\" srcset=\"https:\/\/unifa-edu.info\/contenu\/wp-content\/uploads\/2021\/09\/Screen-Shot-2021-09-08-at-1.59.26-AM-200x300.png 200w, https:\/\/unifa-edu.info\/contenu\/wp-content\/uploads\/2021\/09\/Screen-Shot-2021-09-08-at-1.59.26-AM.png 543w\" sizes=\"(max-width: 200px) 100vw, 200px\" \/><br \/>\n<img loading=\"lazy\" decoding=\"async\" src=\"https:\/\/unifa-edu.info\/contenu\/wp-content\/uploads\/2021\/09\/image-3-300x200.png\" alt=\"\" width=\"300\" height=\"200\" class=\"alignnone size-medium wp-image-17481\" srcset=\"https:\/\/unifa-edu.info\/contenu\/wp-content\/uploads\/2021\/09\/image-3-300x200.png 300w, https:\/\/unifa-edu.info\/contenu\/wp-content\/uploads\/2021\/09\/image-3-768x512.png 768w, https:\/\/unifa-edu.info\/contenu\/wp-content\/uploads\/2021\/09\/image-3-75x50.png 75w, https:\/\/unifa-edu.info\/contenu\/wp-content\/uploads\/2021\/09\/image-3.png 1024w\" sizes=\"(max-width: 300px) 100vw, 300px\" \/><br \/>\n<img loading=\"lazy\" decoding=\"async\" src=\"https:\/\/unifa-edu.info\/contenu\/wp-content\/uploads\/2021\/09\/Screen-Shot-2021-09-08-at-2.02.18-AM-300x201.png\" alt=\"\" width=\"300\" height=\"201\" class=\"alignnone size-medium wp-image-17508\" srcset=\"https:\/\/unifa-edu.info\/contenu\/wp-content\/uploads\/2021\/09\/Screen-Shot-2021-09-08-at-2.02.18-AM-300x201.png 300w, https:\/\/unifa-edu.info\/contenu\/wp-content\/uploads\/2021\/09\/Screen-Shot-2021-09-08-at-2.02.18-AM-75x50.png 75w, https:\/\/unifa-edu.info\/contenu\/wp-content\/uploads\/2021\/09\/Screen-Shot-2021-09-08-at-2.02.18-AM.png 585w\" sizes=\"(max-width: 300px) 100vw, 300px\" \/>\n<\/div>\n<div style=\"text-align: center;\">\n<img loading=\"lazy\" decoding=\"async\" src=\"https:\/\/unifa-edu.info\/contenu\/wp-content\/uploads\/2021\/09\/Screen-Shot-2021-09-08-at-2.05.08-AM-300x200.png\" alt=\"\" width=\"300\" height=\"200\" class=\"alignnone size-medium wp-image-17509\" srcset=\"https:\/\/unifa-edu.info\/contenu\/wp-content\/uploads\/2021\/09\/Screen-Shot-2021-09-08-at-2.05.08-AM-300x200.png 300w, https:\/\/unifa-edu.info\/contenu\/wp-content\/uploads\/2021\/09\/Screen-Shot-2021-09-08-at-2.05.08-AM-75x50.png 75w, https:\/\/unifa-edu.info\/contenu\/wp-content\/uploads\/2021\/09\/Screen-Shot-2021-09-08-at-2.05.08-AM.png 586w\" sizes=\"(max-width: 300px) 100vw, 300px\" \/><br \/>\n<img loading=\"lazy\" decoding=\"async\" src=\"https:\/\/unifa-edu.info\/contenu\/wp-content\/uploads\/2021\/09\/Screen-Shot-2021-09-08-at-2.06.02-AM-300x200.png\" alt=\"\" width=\"300\" height=\"200\" class=\"alignnone size-medium wp-image-17510\" srcset=\"https:\/\/unifa-edu.info\/contenu\/wp-content\/uploads\/2021\/09\/Screen-Shot-2021-09-08-at-2.06.02-AM-300x200.png 300w, https:\/\/unifa-edu.info\/contenu\/wp-content\/uploads\/2021\/09\/Screen-Shot-2021-09-08-at-2.06.02-AM-75x50.png 75w, https:\/\/unifa-edu.info\/contenu\/wp-content\/uploads\/2021\/09\/Screen-Shot-2021-09-08-at-2.06.02-AM.png 585w\" sizes=\"(max-width: 300px) 100vw, 300px\" \/><br \/>\n<img loading=\"lazy\" decoding=\"async\" src=\"https:\/\/unifa-edu.info\/contenu\/wp-content\/uploads\/2021\/09\/image-2-300x200.png\" alt=\"\" width=\"300\" height=\"200\" class=\"alignnone size-medium wp-image-17480\" srcset=\"https:\/\/unifa-edu.info\/contenu\/wp-content\/uploads\/2021\/09\/image-2-300x200.png 300w, https:\/\/unifa-edu.info\/contenu\/wp-content\/uploads\/2021\/09\/image-2-75x50.png 75w, https:\/\/unifa-edu.info\/contenu\/wp-content\/uploads\/2021\/09\/image-2.png 624w\" sizes=\"(max-width: 300px) 100vw, 300px\" \/>\n<\/div>\n<div style=\"text-align: center;\">\n<img loading=\"lazy\" decoding=\"async\" src=\"https:\/\/unifa-edu.info\/contenu\/wp-content\/uploads\/2021\/09\/image-6-300x200.png\" alt=\"\" width=\"300\" height=\"200\" class=\"alignnone size-medium wp-image-17484\" srcset=\"https:\/\/unifa-edu.info\/contenu\/wp-content\/uploads\/2021\/09\/image-6-300x200.png 300w, https:\/\/unifa-edu.info\/contenu\/wp-content\/uploads\/2021\/09\/image-6-768x512.png 768w, https:\/\/unifa-edu.info\/contenu\/wp-content\/uploads\/2021\/09\/image-6-75x50.png 75w, https:\/\/unifa-edu.info\/contenu\/wp-content\/uploads\/2021\/09\/image-6.png 1024w\" sizes=\"(max-width: 300px) 100vw, 300px\" \/><br \/>\n<img loading=\"lazy\" decoding=\"async\" src=\"https:\/\/unifa-edu.info\/contenu\/wp-content\/uploads\/2021\/09\/image-7-300x200.png\" alt=\"\" width=\"300\" height=\"200\" class=\"alignnone size-medium wp-image-17485\" srcset=\"https:\/\/unifa-edu.info\/contenu\/wp-content\/uploads\/2021\/09\/image-7-300x200.png 300w, https:\/\/unifa-edu.info\/contenu\/wp-content\/uploads\/2021\/09\/image-7-768x512.png 768w, https:\/\/unifa-edu.info\/contenu\/wp-content\/uploads\/2021\/09\/image-7-75x50.png 75w, https:\/\/unifa-edu.info\/contenu\/wp-content\/uploads\/2021\/09\/image-7.png 1024w\" sizes=\"(max-width: 300px) 100vw, 300px\" \/><br \/>\n<img loading=\"lazy\" decoding=\"async\" src=\"https:\/\/unifa-edu.info\/contenu\/wp-content\/uploads\/2021\/09\/image-8-229x300.png\" alt=\"\" width=\"229\" height=\"300\" class=\"alignnone size-medium wp-image-17486\" srcset=\"https:\/\/unifa-edu.info\/contenu\/wp-content\/uploads\/2021\/09\/image-8-229x300.png 229w, https:\/\/unifa-edu.info\/contenu\/wp-content\/uploads\/2021\/09\/image-8-768x1004.png 768w, https:\/\/unifa-edu.info\/contenu\/wp-content\/uploads\/2021\/09\/image-8.png 783w\" sizes=\"(max-width: 229px) 100vw, 229px\" \/>\n<\/div>\n<div style=\"text-align: center;\">\n<img loading=\"lazy\" decoding=\"async\" src=\"https:\/\/unifa-edu.info\/contenu\/wp-content\/uploads\/2021\/09\/image-9-300x200.png\" alt=\"\" width=\"300\" height=\"200\" class=\"alignnone size-medium wp-image-17487\" srcset=\"https:\/\/unifa-edu.info\/contenu\/wp-content\/uploads\/2021\/09\/image-9-300x200.png 300w, https:\/\/unifa-edu.info\/contenu\/wp-content\/uploads\/2021\/09\/image-9-768x512.png 768w, https:\/\/unifa-edu.info\/contenu\/wp-content\/uploads\/2021\/09\/image-9-75x50.png 75w, https:\/\/unifa-edu.info\/contenu\/wp-content\/uploads\/2021\/09\/image-9.png 1024w\" sizes=\"(max-width: 300px) 100vw, 300px\" \/><br \/>\n<img loading=\"lazy\" decoding=\"async\" src=\"https:\/\/unifa-edu.info\/contenu\/wp-content\/uploads\/2021\/09\/image-10-300x200.png\" alt=\"\" width=\"300\" height=\"200\" class=\"alignnone size-medium wp-image-17488\" srcset=\"https:\/\/unifa-edu.info\/contenu\/wp-content\/uploads\/2021\/09\/image-10-300x200.png 300w, https:\/\/unifa-edu.info\/contenu\/wp-content\/uploads\/2021\/09\/image-10-768x512.png 768w, https:\/\/unifa-edu.info\/contenu\/wp-content\/uploads\/2021\/09\/image-10-75x50.png 75w, https:\/\/unifa-edu.info\/contenu\/wp-content\/uploads\/2021\/09\/image-10.png 1024w\" sizes=\"(max-width: 300px) 100vw, 300px\" \/><br \/>\n<img loading=\"lazy\" decoding=\"async\" src=\"https:\/\/unifa-edu.info\/contenu\/wp-content\/uploads\/2021\/09\/image-11-300x200.png\" alt=\"\" width=\"300\" height=\"200\" class=\"alignnone size-medium wp-image-17489\" srcset=\"https:\/\/unifa-edu.info\/contenu\/wp-content\/uploads\/2021\/09\/image-11-300x200.png 300w, https:\/\/unifa-edu.info\/contenu\/wp-content\/uploads\/2021\/09\/image-11-768x512.png 768w, https:\/\/unifa-edu.info\/contenu\/wp-content\/uploads\/2021\/09\/image-11-75x50.png 75w, https:\/\/unifa-edu.info\/contenu\/wp-content\/uploads\/2021\/09\/image-11.png 1024w\" sizes=\"(max-width: 300px) 100vw, 300px\" \/>\n<\/div>\n<div style=\"text-align: center;\">\n<img loading=\"lazy\" decoding=\"async\" src=\"https:\/\/unifa-edu.info\/contenu\/wp-content\/uploads\/2021\/09\/image-12-200x300.png\" alt=\"\" width=\"200\" height=\"300\" class=\"alignnone size-medium wp-image-17490\" srcset=\"https:\/\/unifa-edu.info\/contenu\/wp-content\/uploads\/2021\/09\/image-12-200x300.png 200w, https:\/\/unifa-edu.info\/contenu\/wp-content\/uploads\/2021\/09\/image-12.png 683w\" sizes=\"(max-width: 200px) 100vw, 200px\" \/><br \/>\n<img loading=\"lazy\" decoding=\"async\" src=\"https:\/\/unifa-edu.info\/contenu\/wp-content\/uploads\/2021\/09\/image-13-300x200.png\" alt=\"\" width=\"300\" height=\"200\" class=\"alignnone size-medium wp-image-17491\" srcset=\"https:\/\/unifa-edu.info\/contenu\/wp-content\/uploads\/2021\/09\/image-13-300x200.png 300w, https:\/\/unifa-edu.info\/contenu\/wp-content\/uploads\/2021\/09\/image-13-768x512.png 768w, https:\/\/unifa-edu.info\/contenu\/wp-content\/uploads\/2021\/09\/image-13-75x50.png 75w, https:\/\/unifa-edu.info\/contenu\/wp-content\/uploads\/2021\/09\/image-13.png 1024w\" sizes=\"(max-width: 300px) 100vw, 300px\" \/><br \/>\n<img loading=\"lazy\" decoding=\"async\" src=\"https:\/\/unifa-edu.info\/contenu\/wp-content\/uploads\/2021\/09\/image-14-300x200.png\" alt=\"\" width=\"300\" height=\"200\" class=\"alignnone size-medium wp-image-17492\" srcset=\"https:\/\/unifa-edu.info\/contenu\/wp-content\/uploads\/2021\/09\/image-14-300x200.png 300w, https:\/\/unifa-edu.info\/contenu\/wp-content\/uploads\/2021\/09\/image-14-768x512.png 768w, https:\/\/unifa-edu.info\/contenu\/wp-content\/uploads\/2021\/09\/image-14-75x50.png 75w, https:\/\/unifa-edu.info\/contenu\/wp-content\/uploads\/2021\/09\/image-14.png 1024w\" sizes=\"(max-width: 300px) 100vw, 300px\" \/>\n<\/div>\n<div style=\"text-align: center;\">\n<img loading=\"lazy\" decoding=\"async\" src=\"https:\/\/unifa-edu.info\/contenu\/wp-content\/uploads\/2021\/09\/image-15-300x200.png\" alt=\"\" width=\"300\" height=\"200\" class=\"alignnone size-medium wp-image-17493\" srcset=\"https:\/\/unifa-edu.info\/contenu\/wp-content\/uploads\/2021\/09\/image-15-300x200.png 300w, https:\/\/unifa-edu.info\/contenu\/wp-content\/uploads\/2021\/09\/image-15-768x512.png 768w, https:\/\/unifa-edu.info\/contenu\/wp-content\/uploads\/2021\/09\/image-15-75x50.png 75w, https:\/\/unifa-edu.info\/contenu\/wp-content\/uploads\/2021\/09\/image-15.png 1024w\" sizes=\"(max-width: 300px) 100vw, 300px\" \/><br \/>\n<img loading=\"lazy\" decoding=\"async\" src=\"https:\/\/unifa-edu.info\/contenu\/wp-content\/uploads\/2021\/09\/image-16-300x200.png\" alt=\"\" width=\"300\" height=\"200\" class=\"alignnone size-medium wp-image-17494\" srcset=\"https:\/\/unifa-edu.info\/contenu\/wp-content\/uploads\/2021\/09\/image-16-300x200.png 300w, https:\/\/unifa-edu.info\/contenu\/wp-content\/uploads\/2021\/09\/image-16-768x512.png 768w, https:\/\/unifa-edu.info\/contenu\/wp-content\/uploads\/2021\/09\/image-16-75x50.png 75w, https:\/\/unifa-edu.info\/contenu\/wp-content\/uploads\/2021\/09\/image-16.png 1024w\" sizes=\"(max-width: 300px) 100vw, 300px\" \/><br \/>\n<img loading=\"lazy\" decoding=\"async\" src=\"https:\/\/unifa-edu.info\/contenu\/wp-content\/uploads\/2021\/09\/image-17-300x200.png\" alt=\"\" width=\"300\" height=\"200\" class=\"alignnone size-medium wp-image-17495\" srcset=\"https:\/\/unifa-edu.info\/contenu\/wp-content\/uploads\/2021\/09\/image-17-300x200.png 300w, https:\/\/unifa-edu.info\/contenu\/wp-content\/uploads\/2021\/09\/image-17-768x512.png 768w, https:\/\/unifa-edu.info\/contenu\/wp-content\/uploads\/2021\/09\/image-17-75x50.png 75w, https:\/\/unifa-edu.info\/contenu\/wp-content\/uploads\/2021\/09\/image-17.png 1024w\" sizes=\"(max-width: 300px) 100vw, 300px\" \/>\n<\/div>\n<div style=\"text-align: center;\">\n<img loading=\"lazy\" decoding=\"async\" src=\"https:\/\/unifa-edu.info\/contenu\/wp-content\/uploads\/2021\/09\/image-18-200x300.png\" alt=\"\" width=\"200\" height=\"300\" class=\"alignnone size-medium wp-image-17496\" srcset=\"https:\/\/unifa-edu.info\/contenu\/wp-content\/uploads\/2021\/09\/image-18-200x300.png 200w, https:\/\/unifa-edu.info\/contenu\/wp-content\/uploads\/2021\/09\/image-18.png 683w\" sizes=\"(max-width: 200px) 100vw, 200px\" \/><br \/>\n<img loading=\"lazy\" decoding=\"async\" src=\"https:\/\/unifa-edu.info\/contenu\/wp-content\/uploads\/2021\/09\/image-19-300x200.png\" alt=\"\" width=\"300\" height=\"200\" class=\"alignnone size-medium wp-image-17497\" srcset=\"https:\/\/unifa-edu.info\/contenu\/wp-content\/uploads\/2021\/09\/image-19-300x200.png 300w, https:\/\/unifa-edu.info\/contenu\/wp-content\/uploads\/2021\/09\/image-19-768x512.png 768w, https:\/\/unifa-edu.info\/contenu\/wp-content\/uploads\/2021\/09\/image-19-75x50.png 75w, https:\/\/unifa-edu.info\/contenu\/wp-content\/uploads\/2021\/09\/image-19.png 1024w\" sizes=\"(max-width: 300px) 100vw, 300px\" \/><br \/>\n<img loading=\"lazy\" decoding=\"async\" src=\"https:\/\/unifa-edu.info\/contenu\/wp-content\/uploads\/2021\/09\/image-20-300x200.png\" alt=\"\" width=\"300\" height=\"200\" class=\"alignnone size-medium wp-image-17498\" srcset=\"https:\/\/unifa-edu.info\/contenu\/wp-content\/uploads\/2021\/09\/image-20-300x200.png 300w, https:\/\/unifa-edu.info\/contenu\/wp-content\/uploads\/2021\/09\/image-20-768x512.png 768w, https:\/\/unifa-edu.info\/contenu\/wp-content\/uploads\/2021\/09\/image-20-75x50.png 75w, https:\/\/unifa-edu.info\/contenu\/wp-content\/uploads\/2021\/09\/image-20.png 1024w\" sizes=\"(max-width: 300px) 100vw, 300px\" \/>\n<\/div>\n<hr\/>\n<div style=\"text-align: center;\">\n<h2>Collecte de sang \u00e0 l\u2019UNIFA, coup de coeur r\u00e9ussi en faveur du grand Sud<\/h2>\n<\/div>\n<p>Dans la vision du Dr Jean-Bertrand ARISTIDE, l&#8217;enseignement, la recherche et le service \u00e0 la communaut\u00e9 font partie de trois actions sociales indissociables \u00e0 l&#8217;Universit\u00e9. \u00c0 cet effet, le rectorat s&#8217;engage \u00e0 offrir une formation de qualit\u00e9 aux \u00e9tudiants. La solidarit\u00e9 agissante, certes, contribue \u00e0 la formation des universitaires et \u00e0 la croissance de leur communaut\u00e9.<\/p>\n<p>S&#8217;inscrivant dans cette dynamique, le Dr Daphn\u00e9e Beno\u00eet, Doyenne de la Facult\u00e9 de M\u00e9decine de l&#8217;UNIFA dont un grand nombre de dipl\u00f4m\u00e9s ont pris en charge les victimes du tremblement de terre \u00e0 travers le grand Sud, a mis en \u0153uvre cette noble vision:<br \/>\nDon de sang,<br \/>\nDon de soi.<\/p>\n<p>\nCette initiative, loin d\u2019\u00eatre la premi\u00e8re, intervient trois mois apr\u00e8s celle r\u00e9alis\u00e9e le 18 mai \u00e9coul\u00e9 \u00e0 l&#8217;occasion de l&#8217;\u00e9dition 2021 de la semaine scientifique de l&#8217;UNIFA.<\/p>\n<p>Pour lancer la collecte, Mme Aristide a \u00e9t\u00e9 la premi\u00e8re \u00e0 se faire piquer pour faire don de son sang en faveur des victimes. Apr\u00e8s l&#8217;accomplissement de ce beau geste humanitaire, elle a pr\u00e9cis\u00e9 que donner de son sang pour sauver la vie d&#8217;autrui est une action citoyenne qui m\u00e9rite d&#8217;\u00eatre encourag\u00e9e.<br \/>\nElle a aussi d\u00e9plor\u00e9 l&#8217;ampleur des d\u00e9g\u00e2ts et pr\u00e9sent\u00e9, encore une fois, les sympathies du Dr Jean-Bertrand Aristide aux nombreuses victimes du s\u00e9isme.<\/p>\n<p>La collecte de sang r\u00e9alis\u00e9e \u00e0 l&#8217;UNIFA en faveur des victimes du s\u00e9isme du 14 ao\u00fbt 2021 s&#8217;est poursuivie jusqu&#8217;\u00e0 16 heures. Cette initiative a mobilis\u00e9 des professeurs, des cadres de l&#8217;UNIFA, des centaines d&#8217;\u00e9tudiants, des membres de la ligue des jeunes de la fondation du Dr Aristide et des riverains de la r\u00e9gion m\u00e9tropolitaine de Port-au-Prince. Rappelons qu&#8217;apr\u00e8s les analyses m\u00e9dicales, le sang collect\u00e9 ira directement en faveur des victimes du grand Sud.<\/p>\n<div style=\"text-align: center;\">\n<p><img loading=\"lazy\" decoding=\"async\" class=\"alignnone size-medium wp-image-17467\" src=\"https:\/\/unifa-edu.info\/contenu\/wp-content\/uploads\/2021\/08\/image-19-300x200.png\" alt=\"\" width=\"300\" height=\"200\" srcset=\"https:\/\/unifa-edu.info\/contenu\/wp-content\/uploads\/2021\/08\/image-19-300x200.png 300w, https:\/\/unifa-edu.info\/contenu\/wp-content\/uploads\/2021\/08\/image-19-75x50.png 75w, https:\/\/unifa-edu.info\/contenu\/wp-content\/uploads\/2021\/08\/image-19.png 624w\" sizes=\"(max-width: 300px) 100vw, 300px\" \/> <img loading=\"lazy\" decoding=\"async\" class=\"alignnone size-medium wp-image-17466\" src=\"https:\/\/unifa-edu.info\/contenu\/wp-content\/uploads\/2021\/08\/image-8-1-300x200.png\" alt=\"\" width=\"300\" height=\"200\" srcset=\"https:\/\/unifa-edu.info\/contenu\/wp-content\/uploads\/2021\/08\/image-8-1-300x200.png 300w, https:\/\/unifa-edu.info\/contenu\/wp-content\/uploads\/2021\/08\/image-8-1-75x50.png 75w, https:\/\/unifa-edu.info\/contenu\/wp-content\/uploads\/2021\/08\/image-8-1.png 624w\" sizes=\"(max-width: 300px) 100vw, 300px\" \/>\u00a0<img loading=\"lazy\" decoding=\"async\" class=\"alignnone size-medium wp-image-17464\" src=\"https:\/\/unifa-edu.info\/contenu\/wp-content\/uploads\/2021\/08\/image-6-1-300x200.png\" alt=\"\" width=\"300\" height=\"200\" srcset=\"https:\/\/unifa-edu.info\/contenu\/wp-content\/uploads\/2021\/08\/image-6-1-300x200.png 300w, https:\/\/unifa-edu.info\/contenu\/wp-content\/uploads\/2021\/08\/image-6-1-75x50.png 75w, https:\/\/unifa-edu.info\/contenu\/wp-content\/uploads\/2021\/08\/image-6-1.png 624w\" sizes=\"(max-width: 300px) 100vw, 300px\" \/>\n<\/div>\n<div style=\"text-align: center;\">\n<img loading=\"lazy\" decoding=\"async\" class=\"alignnone size-medium wp-image-17463\" src=\"https:\/\/unifa-edu.info\/contenu\/wp-content\/uploads\/2021\/08\/image-5-1-300x200.png\" alt=\"\" width=\"300\" height=\"200\" srcset=\"https:\/\/unifa-edu.info\/contenu\/wp-content\/uploads\/2021\/08\/image-5-1-300x200.png 300w, https:\/\/unifa-edu.info\/contenu\/wp-content\/uploads\/2021\/08\/image-5-1-75x50.png 75w, https:\/\/unifa-edu.info\/contenu\/wp-content\/uploads\/2021\/08\/image-5-1.png 624w\" sizes=\"(max-width: 300px) 100vw, 300px\" \/> <img loading=\"lazy\" decoding=\"async\" class=\"alignnone size-medium wp-image-17462\" src=\"https:\/\/unifa-edu.info\/contenu\/wp-content\/uploads\/2021\/08\/image-4-1-300x200.png\" alt=\"\" width=\"300\" height=\"200\" srcset=\"https:\/\/unifa-edu.info\/contenu\/wp-content\/uploads\/2021\/08\/image-4-1-300x200.png 300w, https:\/\/unifa-edu.info\/contenu\/wp-content\/uploads\/2021\/08\/image-4-1-75x50.png 75w, https:\/\/unifa-edu.info\/contenu\/wp-content\/uploads\/2021\/08\/image-4-1.png 624w\" sizes=\"(max-width: 300px) 100vw, 300px\" \/> <img loading=\"lazy\" decoding=\"async\" class=\"alignnone size-medium wp-image-17461\" src=\"https:\/\/unifa-edu.info\/contenu\/wp-content\/uploads\/2021\/08\/image-3-1-300x200.png\" alt=\"\" width=\"300\" height=\"200\" srcset=\"https:\/\/unifa-edu.info\/contenu\/wp-content\/uploads\/2021\/08\/image-3-1-300x200.png 300w, https:\/\/unifa-edu.info\/contenu\/wp-content\/uploads\/2021\/08\/image-3-1-75x50.png 75w, https:\/\/unifa-edu.info\/contenu\/wp-content\/uploads\/2021\/08\/image-3-1.png 624w\" sizes=\"(max-width: 300px) 100vw, 300px\" \/>\n<\/div>\n<div style=\"text-align: center;\">\n<img loading=\"lazy\" decoding=\"async\" class=\"alignnone size-medium wp-image-17460\" src=\"https:\/\/unifa-edu.info\/contenu\/wp-content\/uploads\/2021\/08\/image-2-2-300x200.png\" alt=\"\" width=\"300\" height=\"200\" srcset=\"https:\/\/unifa-edu.info\/contenu\/wp-content\/uploads\/2021\/08\/image-2-2-300x200.png 300w, https:\/\/unifa-edu.info\/contenu\/wp-content\/uploads\/2021\/08\/image-2-2-75x50.png 75w, https:\/\/unifa-edu.info\/contenu\/wp-content\/uploads\/2021\/08\/image-2-2.png 624w\" sizes=\"(max-width: 300px) 100vw, 300px\" \/> <img loading=\"lazy\" decoding=\"async\" class=\"alignnone wp-image-17459 \" src=\"https:\/\/unifa-edu.info\/contenu\/wp-content\/uploads\/2021\/08\/image-1-1-150x150.png\" alt=\"\" width=\"199\" height=\"199\" \/> <img loading=\"lazy\" decoding=\"async\" class=\"alignnone size-medium wp-image-17465\" src=\"https:\/\/unifa-edu.info\/contenu\/wp-content\/uploads\/2021\/08\/image-7-1-300x200.png\" alt=\"\" width=\"300\" height=\"200\" srcset=\"https:\/\/unifa-edu.info\/contenu\/wp-content\/uploads\/2021\/08\/image-7-1-300x200.png 300w, https:\/\/unifa-edu.info\/contenu\/wp-content\/uploads\/2021\/08\/image-7-1-75x50.png 75w, https:\/\/unifa-edu.info\/contenu\/wp-content\/uploads\/2021\/08\/image-7-1.png 624w\" sizes=\"(max-width: 300px) 100vw, 300px\" \/>\n<\/div>\n<hr\/>\n<p>Le Conseil d\u2019Administration et le Rectorat de l\u2019Universit\u00e9 tiennent \u00e0 apporter leur solidarit\u00e9 \u00e0 la population des diff\u00e9rents D\u00e9partements, victimes du tremblement de terre du samedi 14 ao\u00fbt 2021. En vue d\u2019un accompagnement concret, des dispositions sont \u00e0 l\u2019\u00e9tude et seront divulgu\u00e9es sous peu.<br \/>\n<\/br><br \/>\nLe Conseil d\u2019Administration et le Rectorat de l\u2019Universit\u00e9 s\u2019inclinent devant les d\u00e9pouilles des hommes, femmes et enfants d\u00e9c\u00e9d\u00e9s et souhaitent du courage aux parents et amis \u00e9plor\u00e9s.<br \/>\n<\/br><\/br><br \/>\nUniversit\u00e9 de la Fondation Dr Aristide (UNIFA)<br \/>\n<\/br><\/br><\/p>\n<hr\/>\n<h2 style=\"text-align: center;\">\nINSCRIPTIONS POUR L&#8217;ANNEE ACADEMIQUE 2021-2022<\/p>\n<h2\/>\n<\/br><br \/>\nL\u2019Universit\u00e9 de la Fondation Dr Aristide (UNIFA) informe les int\u00e9ress\u00e9s.es et le public en g\u00e9n\u00e9ral de l\u2019ouverture des inscriptions de l\u2019ann\u00e9e acad\u00e9mique 2021-2022 pour les options suivantes\u00a0:<\/br><br \/>\n&#8211; M\u00c9DECINE<\/br><br \/>\n&#8211; ODONTOLOGIE<\/br><br \/>\n&#8211; SCIENCES INFIRMIERES <\/br><br \/>\n&#8211; PHYSIOTH\u00c9RAPIE <\/br><br \/>\n&#8211; G\u00c9NIE ET ARCHITECTURE <\/br><br \/>\n&#8211; SCIENCES JURIDIQUES ET POLITIQUES <\/br><br \/>\n&#8211; SCIENCES \u00c9CONOMIQUES ET ADMINISTRATIVES <\/br><br \/>\n&#8211; AGRONOMIE <\/br><br \/>\n&#8211; \u00c9DUCATION PERMANENTE <\/br><br \/>\n<\/br><br \/>\nINSCRIPTIONS <\/br><br \/>\nHeure\t:\t9h AM \u2013 2h PM <\/br><br \/>\n<\/br><br \/>\nPI\u00c8CES \u00c0 PR\u00c9SENTER <\/br><br \/>\n\u2022Quatre (4) photos d\u2019identit\u00e9 r\u00e9centes <\/br><br \/>\n\u2022Extrait d\u2019Archives r\u00e9cent ou Acte de naissance (Original et Copie)<\/br><br \/>\n\u2022Relev\u00e9s de notes ou Certificat du Baccalaur\u00e9at II\u00e8me partie (Original et Copie) <\/br><br \/>\n\u2022Une pi\u00e8ce d\u2019identit\u00e9 : CIN ou NIF (Original et Copie) <\/br><br \/>\n<\/br><br \/>\nN.B.\tPour les postulants qui souhaitent s\u2019inscrire sous r\u00e9serve, l\u2019UNIFA leur fait obligation de pr\u00e9senter au moment opportun la fiche indiquant leur participation aux examens du Baccalaur\u00e9at II\u00e8me partie de l\u2019ann\u00e9e acad\u00e9mique 2020-2021 (Original et Copie).<br \/>\n<\/br><br \/>\n<\/br><br \/>\nFRAIS D\u2019INSCRIPTIONS <\/br><br \/>\nLes frais d\u2019inscriptions sont de trois mille (3.000.00) Gourdes pour la M\u00e9decine et mille  cinq cents (1,500.00) Gourdes pour les autres disciplines.<br \/>\n<\/br><br \/>\n<\/br><br \/>\nDATE DES EXAMENS<\/br><br \/>\nLa date des examens sera annonc\u00e9e ult\u00e9rieurement.<\/br><br \/>\n<\/br><br \/>\nPour toutes informations suppl\u00e9mentaires, l\u2019UNIFA vous prie de visiter son site : www.unifa-edu.info ou d\u2019appeler aux\u00a0: 28110408 \u2013 28170405 &#8211; 28170411 \u2013 28170412.<br \/>\n<\/br><br \/>\n<\/br><br \/>\nDes bourses seront accord\u00e9es aux laur\u00e9ats.es sous forme de scolarit\u00e9 ou de logement gratuit ! <\/p>\n<p><\/br><\/br><\/p>\n<hr\/>\n<p><img loading=\"lazy\" decoding=\"async\" src=\"https:\/\/unifa-edu.info\/contenu\/wp-content\/uploads\/2021\/06\/Pere_David-300x200.jpg\" alt=\"\" width=\"400\" height=\"350\" class=\"alignnone size-medium wp-image-17301\" style=\"display: block; margin-left: auto; margin-right: auto;\" \/><br \/>\n<\/p>\n<h2>\nDans la matin\u00e9e du 11 Juin 2021, l&#8217;Universit\u00e9 de la Fondation Dr Aristide a perdu un Fr\u00e8re et un collaborateur exemplaire en la personne du R\u00e9v\u00e9rend P\u00e8re David C\u00e9sar. Les souvenirs imp\u00e9rissables de sa coordination lors des prestations de l&#8217;Orchestre Philarmonique de Sainte Trinit\u00e9 au cours des c\u00e9r\u00e9monies de collation de Dipl\u00f4mes, resteront \u00e1 jamais grav\u00e9s dans les annales de l&#8217;Institution.<\/p>\n<p>Le Conseil d&#8217;Administration et le RECTORAT s&#8217;inclinent devant la d\u00e9pouille de cet homme exceptionnel qui n&#8217;a cess\u00e9 d&#8217;apporter son inestimable support \u00e1 l&#8217;Institution, d\u00e8s les premiers jours. A son \u00e9pouse Evang\u00e9line et ses enfants, nos sinc\u00e8res condol\u00e9ances! Aux talentueux musiciens de l&#8217;Orchestre Philarmonique Sainte Trinit\u00e9, nos sympathies. Que notre Fr\u00e8re tant aim\u00e9, le R\u00e9v P\u00e8re David repose en paix! <\/p>\n<p>Requiescat in pace!<\/p>\n<h2\/>\n<h3 style=\"text-align: center; font-weight: bold;\"><\/h3>\n<style id=\"bwg-style-0\">    #bwg_container1_0 #bwg_container2_0 .bwg-container-0.bwg-standard-thumbnails {      width: 1254px;              justify-content: center;        margin:0 auto !important;              background-color: rgba(255, 255, 255, 0.00);            padding-left: 4px;      padding-top: 4px;      max-width: 100%;            }        #bwg_container1_0 #bwg_container2_0 .bwg-container-0.bwg-standard-thumbnails .bwg-item {    justify-content: flex-start;      max-width: 250px;          }    #bwg_container1_0 #bwg_container2_0 .bwg-container-0.bwg-standard-thumbnails .bwg-item a {       margin-right: 4px;       margin-bottom: 4px;    }    #bwg_container1_0 #bwg_container2_0 .bwg-container-0.bwg-standard-thumbnails .bwg-item0 {      padding: 0px;            background-color:rgba(0,0,0, 0.30);      border: 0px none #CCCCCC;      opacity: 1.00;      border-radius: 0;      box-shadow: ;    }    #bwg_container1_0 #bwg_container2_0 .bwg-container-0.bwg-standard-thumbnails .bwg-item1 img {      max-height: none;      max-width: none;      padding: 0 !important;    }         @media only screen and (min-width: 480px) {\t\t#bwg_container1_0 #bwg_container2_0 .bwg-container-0.bwg-standard-thumbnails .bwg-item1 img {\t\t\t-webkit-transition: all .3s; transition: all .3s;\t\t}\t\t#bwg_container1_0 #bwg_container2_0 .bwg-container-0.bwg-standard-thumbnails .bwg-item1 img:hover {\t\t\t-ms-transform: scale(1.08);\t\t\t-webkit-transform: scale(1.08);\t\t\ttransform: scale(1.08);\t\t}\t\t\t\t.bwg-standard-thumbnails .bwg-zoom-effect .bwg-zoom-effect-overlay {\t\t\t\t\t\tbackground-color:rgba(0,0,0, 0.3);\t\t}\t\t.bwg-standard-thumbnails .bwg-zoom-effect:hover img {\t\t\t-ms-transform: scale(1.08);\t\t\t-webkit-transform: scale(1.08);\t\t\ttransform: scale(1.08);\t\t}\t\t      }\t    #bwg_container1_0 #bwg_container2_0 .bwg-container-0.bwg-standard-thumbnails .bwg-item1 {      padding-top: 56%;    }        #bwg_container1_0 #bwg_container2_0 .bwg-container-0.bwg-standard-thumbnails .bwg-title1 {      position: absolute;      top: 0;      z-index: 100;      width: 100%;      height: 100%;      display: flex;      justify-content: center;      align-content: center;      flex-direction: column;      opacity: 0;    }\t      #bwg_container1_0 #bwg_container2_0 .bwg-container-0.bwg-standard-thumbnails .bwg-title2,    #bwg_container1_0 #bwg_container2_0 .bwg-container-0.bwg-standard-thumbnails .bwg-ecommerce2 {      color: #FFFFFF;      font-family: Ubuntu;      font-size: 16px;      font-weight: bold;      padding: 2px;      text-shadow: ;      max-height: 100%;    }    #bwg_container1_0 #bwg_container2_0 .bwg-container-0.bwg-standard-thumbnails .bwg-thumb-description span {    color: #323A45;    font-family: Ubuntu;    font-size: 12px;    max-height: 100%;    word-wrap: break-word;    }    #bwg_container1_0 #bwg_container2_0 .bwg-container-0.bwg-standard-thumbnails .bwg-play-icon2 {      font-size: 32px;    }    #bwg_container1_0 #bwg_container2_0 .bwg-container-0.bwg-standard-thumbnails .bwg-ecommerce2 {      font-size: 19.2px;      color: #323A45;    }    <\/style>    <div id=\"bwg_container1_0\"         class=\"bwg_container bwg_thumbnail bwg_thumbnails \"         data-right-click-protection=\"1\"         data-bwg=\"0\"         data-scroll=\"0\"         data-gallery-type=\"thumbnails\"         data-gallery-view-type=\"thumbnails\"         data-current-url=\"\/contenu\/wp-json\/wp\/v2\/pages\/223\"         data-lightbox-url=\"https:\/\/unifa-edu.info\/contenu\/wp-admin\/admin-ajax.php?action=GalleryBox&#038;current_view=0&#038;gallery_id=2&#038;tag=0&#038;theme_id=1&#038;shortcode_id=9&#038;sort_by=order&#038;order_by=asc&#038;current_url=%2Fcontenu%2Fwp-json%2Fwp%2Fv2%2Fpages%2F223\"         data-gallery-id=\"2\"         data-popup-width=\"800\"         data-popup-height=\"500\"         data-is-album=\"gallery\"         data-buttons-position=\"bottom\">      <div id=\"bwg_container2_0\">             <div id=\"ajax_loading_0\" class=\"bwg_loading_div_1\">      <div class=\"bwg_loading_div_2\">        <div class=\"bwg_loading_div_3\">          <div id=\"loading_div_0\" class=\"bwg_spider_ajax_loading\">          <\/div>        <\/div>      <\/div>    <\/div>            <form id=\"gal_front_form_0\"              class=\"bwg-hidden\"              method=\"post\"              action=\"#\"              data-current=\"0\"              data-shortcode-id=\"9\"              data-gallery-type=\"thumbnails\"              data-gallery-id=\"2\"              data-tag=\"0\"              data-album-id=\"0\"              data-theme-id=\"1\"              data-ajax-url=\"https:\/\/unifa-edu.info\/contenu\/wp-admin\/admin-ajax.php?action=bwg_frontend_data\">          <div id=\"bwg_container3_0\" class=\"bwg-background bwg-background-0\">            <style>        #bwg_container1_0 #bwg_container2_0 .bwg_gal_title_0 {          display: block;          padding: 2px;          background-color: rgba(0, 0, 0, 0);          line-height: 20px;          font-family: Ubuntu;          font-size: 18px;          font-weight: bold;          color: #323A45;          text-shadow: ;          text-align: center;        }        #bwg_container1_0 #bwg_container2_0 .bwg_gal_description_0 {          margin: 20px 0;          word-break: break-word;          text-align: justify;          font-size: 15px;          font-weight: unset;        }        <\/style>        <div class=\"bwg_gal_title_0\">Collation de dipl\u00f4mes 2019<\/div>            <div data-max-count=\"5\"         data-thumbnail-width=\"250\"         data-bwg=\"0\"         data-gallery-id=\"2\"         data-lightbox-url=\"https:\/\/unifa-edu.info\/contenu\/wp-admin\/admin-ajax.php?action=GalleryBox&amp;current_view=0&amp;gallery_id=2&amp;tag=0&amp;theme_id=1&amp;shortcode_id=9&amp;sort_by=order&amp;order_by=asc&amp;current_url=%2Fcontenu%2Fwp-json%2Fwp%2Fv2%2Fpages%2F223\"         id=\"bwg_thumbnails_0\"         class=\"bwg-container-0 bwg-thumbnails bwg-standard-thumbnails bwg-container bwg-border-box\">            <div class=\"bwg-item\">        <a class=\"bwg-a  bwg_lightbox\"  data-image-id=\"16\" href=\"https:\/\/unifa-edu.info\/contenu\/wp-content\/uploads\/photo-gallery\/aristide20190331.jpg?bwg=1567036141\" data-elementor-open-lightbox=\"no\">                <div class=\"bwg-item0 \">          <div class=\"bwg-item1 bwg-zoom-effect\">            <div class=\"bwg-item2\">              <img decoding=\"async\" class=\"skip-lazy bwg_standart_thumb_img_0 \"                   data-id=\"16\"                   data-width=\"\"                   data-height=\"\"                   data-src=\"https:\/\/unifa-edu.info\/contenu\/wp-content\/uploads\/photo-gallery\/thumb\/aristide20190331.jpg?bwg=1567036141\"                   src=\"https:\/\/unifa-edu.info\/contenu\/wp-content\/uploads\/photo-gallery\/thumb\/aristide20190331.jpg?bwg=1567036141\"                   alt=\"Unifa&lt;br&gt;Collation de dipl\u00f4me (2019)\"                   title=\"Unifa&lt;br&gt;Collation de dipl\u00f4me (2019)\" \/>            <\/div>            <div class=\"bwg-zoom-effect-overlay\">              <div class=\"bwg-title1\"><div class=\"bwg-title2\">Unifa<br>Collation de dipl\u00f4me (2019)<\/div><\/div>                                        <\/div>          <\/div>        <\/div>                        <\/a>              <\/div>            <div class=\"bwg-item\">        <a class=\"bwg-a  bwg_lightbox\"  data-image-id=\"15\" href=\"https:\/\/unifa-edu.info\/contenu\/wp-content\/uploads\/photo-gallery\/image025.jpg?bwg=1567036141\" data-elementor-open-lightbox=\"no\">                <div class=\"bwg-item0 \">          <div class=\"bwg-item1 bwg-zoom-effect\">            <div class=\"bwg-item2\">              <img decoding=\"async\" class=\"skip-lazy bwg_standart_thumb_img_0 \"                   data-id=\"15\"                   data-width=\"\"                   data-height=\"\"                   data-src=\"https:\/\/unifa-edu.info\/contenu\/wp-content\/uploads\/photo-gallery\/thumb\/image025.jpg?bwg=1567036141\"                   src=\"https:\/\/unifa-edu.info\/contenu\/wp-content\/uploads\/photo-gallery\/thumb\/image025.jpg?bwg=1567036141\"                   alt=\"Unifa&lt;br&gt;Collation de dipl\u00f4me (2019)\"                   title=\"Unifa&lt;br&gt;Collation de dipl\u00f4me (2019)\" \/>            <\/div>            <div class=\"bwg-zoom-effect-overlay\">              <div class=\"bwg-title1\"><div class=\"bwg-title2\">Unifa<br>Collation de dipl\u00f4me (2019)<\/div><\/div>                                        <\/div>          <\/div>        <\/div>                        <\/a>              <\/div>            <div class=\"bwg-item\">        <a class=\"bwg-a  bwg_lightbox\"  data-image-id=\"14\" href=\"https:\/\/unifa-edu.info\/contenu\/wp-content\/uploads\/photo-gallery\/2019_graduation-01.jpg?bwg=1567036141\" data-elementor-open-lightbox=\"no\">                <div class=\"bwg-item0 \">          <div class=\"bwg-item1 bwg-zoom-effect\">            <div class=\"bwg-item2\">              <img decoding=\"async\" class=\"skip-lazy bwg_standart_thumb_img_0 \"                   data-id=\"14\"                   data-width=\"\"                   data-height=\"\"                   data-src=\"https:\/\/unifa-edu.info\/contenu\/wp-content\/uploads\/photo-gallery\/thumb\/2019_graduation-01.jpg?bwg=1567036141\"                   src=\"https:\/\/unifa-edu.info\/contenu\/wp-content\/uploads\/photo-gallery\/thumb\/2019_graduation-01.jpg?bwg=1567036141\"                   alt=\"Unifa&lt;br&gt;Collation de dipl\u00f4me (2019)\"                   title=\"Unifa&lt;br&gt;Collation de dipl\u00f4me (2019)\" \/>            <\/div>            <div class=\"bwg-zoom-effect-overlay\">              <div class=\"bwg-title1\"><div class=\"bwg-title2\">Unifa<br>Collation de dipl\u00f4me (2019)<\/div><\/div>                                        <\/div>          <\/div>        <\/div>                        <\/a>              <\/div>            <div class=\"bwg-item\">        <a class=\"bwg-a  bwg_lightbox\"  data-image-id=\"13\" href=\"https:\/\/unifa-edu.info\/contenu\/wp-content\/uploads\/photo-gallery\/2019_graduation-02.jpg?bwg=1567036141\" data-elementor-open-lightbox=\"no\">                <div class=\"bwg-item0 \">          <div class=\"bwg-item1 bwg-zoom-effect\">            <div class=\"bwg-item2\">              <img decoding=\"async\" class=\"skip-lazy bwg_standart_thumb_img_0 \"                   data-id=\"13\"                   data-width=\"\"                   data-height=\"\"                   data-src=\"https:\/\/unifa-edu.info\/contenu\/wp-content\/uploads\/photo-gallery\/thumb\/2019_graduation-02.jpg?bwg=1567036141\"                   src=\"https:\/\/unifa-edu.info\/contenu\/wp-content\/uploads\/photo-gallery\/thumb\/2019_graduation-02.jpg?bwg=1567036141\"                   alt=\"Unifa&lt;br&gt;Collation de dipl\u00f4me (2019)\"                   title=\"Unifa&lt;br&gt;Collation de dipl\u00f4me (2019)\" \/>            <\/div>            <div class=\"bwg-zoom-effect-overlay\">              <div class=\"bwg-title1\"><div class=\"bwg-title2\">Unifa<br>Collation de dipl\u00f4me (2019)<\/div><\/div>                                        <\/div>          <\/div>        <\/div>                        <\/a>              <\/div>            <div class=\"bwg-item\">        <a class=\"bwg-a  bwg_lightbox\"  data-image-id=\"12\" href=\"https:\/\/unifa-edu.info\/contenu\/wp-content\/uploads\/photo-gallery\/slider_JAJ_0955.jpg?bwg=1567036141\" data-elementor-open-lightbox=\"no\">                <div class=\"bwg-item0 \">          <div class=\"bwg-item1 bwg-zoom-effect\">            <div class=\"bwg-item2\">              <img decoding=\"async\" class=\"skip-lazy bwg_standart_thumb_img_0 \"                   data-id=\"12\"                   data-width=\"\"                   data-height=\"\"                   data-src=\"https:\/\/unifa-edu.info\/contenu\/wp-content\/uploads\/photo-gallery\/thumb\/slider_JAJ_0955.jpg?bwg=1567036141\"                   src=\"https:\/\/unifa-edu.info\/contenu\/wp-content\/uploads\/photo-gallery\/thumb\/slider_JAJ_0955.jpg?bwg=1567036141\"                   alt=\"Unifa&lt;br&gt;Collation de dipl\u00f4me (2019)\"                   title=\"Unifa&lt;br&gt;Collation de dipl\u00f4me (2019)\" \/>            <\/div>            <div class=\"bwg-zoom-effect-overlay\">              <div class=\"bwg-title1\"><div class=\"bwg-title2\">Unifa<br>Collation de dipl\u00f4me (2019)<\/div><\/div>                                        <\/div>          <\/div>        <\/div>                        <\/a>              <\/div>          <\/div>    <style>      \/*pagination styles*\/      #bwg_container1_0 #bwg_container2_0 .tablenav-pages_0 {\t\t\t\ttext-align: center;\t\t\t\tfont-size: 12px;\t\t\t\tfont-family: Ubuntu;\t\t\t\tfont-weight: bold;\t\t\t\tcolor: #666666;\t\t\t\tmargin: 6px 0 4px;\t\t\t\tdisplay: block;      }      @media only screen and (max-width : 320px) {      #bwg_container1_0 #bwg_container2_0 .displaying-num_0 {     \t display: none;      }      }      #bwg_container1_0 #bwg_container2_0 .displaying-num_0 {\t\t\t\tfont-size: 12px;\t\t\t\tfont-family: Ubuntu;\t\t\t\tfont-weight: bold;\t\t\t\tcolor: #666666;\t\t\t\tmargin-right: 10px;\t\t\t\tvertical-align: middle;      }      #bwg_container1_0 #bwg_container2_0 .paging-input_0 {\t\t\t\tfont-size: 12px;\t\t\t\tfont-family: Ubuntu;\t\t\t\tfont-weight: bold;\t\t\t\tcolor: #666666;\t\t\t\tvertical-align: middle;      }      #bwg_container1_0 #bwg_container2_0 .tablenav-pages_0 a.disabled,      #bwg_container1_0 #bwg_container2_0 .tablenav-pages_0 a.disabled:hover,      #bwg_container1_0 #bwg_container2_0 .tablenav-pages_0 a.disabled:focus,\t\t\t#bwg_container1_0 #bwg_container2_0 .tablenav-pages_0 input.bwg_current_page {\t\t\t\tcursor: default;\t\t\t\tcolor: rgba(102, 102, 102, 0.5);      }      #bwg_container1_0 #bwg_container2_0 .tablenav-pages_0 a,      #bwg_container1_0 #bwg_container2_0 .tablenav-pages_0 input.bwg_current_page {\t\t\t\tcursor: pointer;\t\t\t\ttext-align: center;\t\t\t\tfont-size: 12px;\t\t\t\tfont-family: Ubuntu;\t\t\t\tfont-weight: bold;\t\t\t\tcolor: #666666;\t\t\t\ttext-decoration: none;\t\t\t\tpadding: 3px 6px;\t\t\t\tmargin: 0;\t\t\t\tborder-radius: 0;\t\t\t\tborder-style: solid;\t\t\t\tborder-width: 1px;\t\t\t\tborder-color: #E3E3E3;\t\t\t\t\t\t\t\tbackground-color: rgba(255, 255, 255, 1.00);\t\t\t\tbox-shadow: 0;\t\t\t\ttransition: all 0.3s ease 0s;-webkit-transition: all 0.3s ease 0s;      }      <\/style>      <span class=\"bwg_nav_cont_0\">                <script>jQuery('.bwg_nav_cont_0').remove()<\/script>              <input type=\"hidden\" id=\"page_number_0\" name=\"page_number_0\" value=\"1\" \/>      <script type=\"text\/javascript\">        if( jQuery('.bwg_nav_cont_0').length > 1 ) {          jQuery('.bwg_nav_cont_0').first().remove()        }        function spider_page_0(cur, x, y, load_more) {          if (typeof load_more == \"undefined\") {            var load_more = false;          }          if (jQuery(cur).hasClass('disabled')) {            return false;          }          var items_county_0 = 2;          switch (y) {            case 1:              if (x >= items_county_0) {                document.getElementById('page_number_0').value = items_county_0;              }              else {                document.getElementById('page_number_0').value = x + 1;              }              break;            case 2:              document.getElementById('page_number_0').value = items_county_0;              break;            case -1:              if (x == 1) {                document.getElementById('page_number_0').value = 1;              }              else {                document.getElementById('page_number_0').value = x - 1;              }              break;            case -2:              document.getElementById('page_number_0').value = 1;              break;\t\t\t\t\t\tcase 0:              document.getElementById('page_number_0').value = x;              break;            default:              document.getElementById('page_number_0').value = 1;          }          bwg_ajax('gal_front_form_0', '0', 'bwg_thumbnails_0', '0', '', 'gallery', 0, '', '', load_more, '', 0);        }                    jQuery('.first-page-0').on('click', function () {              spider_page_0(this, 1, -2, 'numeric');              return false;            });            jQuery('.prev-page-0').on('click', function () {              spider_page_0(this, 1, -1, 'numeric');              return false;            });            jQuery('.next-page-0').on('click', function () {              spider_page_0(this, 1, 1, 'numeric');              return false;            });            jQuery('.last-page-0').on('click', function () {              spider_page_0(this, 1, 2, 'numeric');              return false;            });        \t\t\t\t\/* Change page on input enter. *\/        function bwg_change_page_0( e, that ) {          if (  e.key == 'Enter' ) {            var to_page = parseInt(jQuery(that).val());            var pages_count = jQuery(that).parents(\".pagination-links\").data(\"pages-count\");            var current_url_param = jQuery(that).attr('data-url-info');            if (to_page > pages_count) {              to_page = 1;            }\t \t\t\t\t\t\t\t\t\t\t\t\tspider_page_0(this, to_page, 0, 'numeric');\t\t\t\t\t\t\treturn false;\t\t\t\t\t\t          }          return true;        }        jQuery('.bwg_load_btn_0').on('click', function () {            spider_page_0(this, 1, 1, true);            return false;        });      <\/script>      <\/span>                <\/div>        <\/form>        <style>          #bwg_container1_0 #bwg_container2_0 #spider_popup_overlay_0 {          background-color: #EEEEEE;          opacity: 0.60;          }          <\/style>        <div id=\"bwg_spider_popup_loading_0\" class=\"bwg_spider_popup_loading\"><\/div>        <div id=\"spider_popup_overlay_0\" class=\"spider_popup_overlay\" onclick=\"spider_destroypopup(1000)\"><\/div>        <input type=\"hidden\" id=\"bwg_random_seed_0\" value=\"1622980891\">                <\/div>    <\/div>    <script>      if (document.readyState === 'complete') {        if( typeof bwg_main_ready == 'function' ) {          if ( jQuery(\"#bwg_container1_0\").height() ) {            bwg_main_ready(jQuery(\"#bwg_container1_0\"));          }        }      } else {        document.addEventListener('DOMContentLoaded', function() {          if( typeof bwg_main_ready == 'function' ) {            if ( jQuery(\"#bwg_container1_0\").height() ) {             bwg_main_ready(jQuery(\"#bwg_container1_0\"));            }          }        });      }    <\/script>    \n\n<!-- NOTE: If you need to make changes to this file, copy it to your current theme's main\n\tdirectory so your changes won't be overwritten when the plugin is upgraded. -->\n\n<!-- Post Wrap Start-->\n<div class=\"post hentry ivycat-post\">\n\n\t<!-- \tThis outputs the post TITLE -->\n\t<h2 class=\"post-on-page-title\"><a href=\"https:\/\/unifa-edu.info\/contenu\/2026\/04\/semaine-scientifique\/\">Semaine Scientifique<\/a><\/h2>\n\t\n<div class=\"indent\">\n    \t<p class=\"entry-meta\" style=\"margin-top: 25px;text-align:right; font-weight: bold;\">&#128197;Publi\u00e9 le 17 avril, 2026<\/p>\n\t<!-- \tThis outputs the post EXCERPT.  To display full content including images and html,\n\t\treplace the_excerpt(); with the_content();  below. -->\n\t<div class=\"entry-summary\">\n\t\t<p style=\"text-align: center\"><strong>SEMAINE SCIENTIFIQUE<\/strong><br \/>\n<strong>18 Mai &#8211; 23 Mai 2026<\/strong><br \/>\n<strong>FOIRE DES SCIENCES<\/strong><\/p>\n<p>&nbsp;<\/p>\n<p><strong>Ch\u00e8res \u00e9tudiantes, chers \u00e9tudiants,<\/strong><\/p>\n<p>L\u2019Universit\u00e9 de la Fondation Dr Aristide a le plaisir et l\u2019honneur de vous convier \u00e0 la Semaine<br \/>\nscientifique de l\u2019ann\u00e9e acad\u00e9mique 2025-2026.<br \/>\nCette semaine se veut l\u2019expression vivante d\u2019une v\u00e9ritable FOIRE DES SCIENCES.<br \/>\nIl ne s\u2019agit pas simplement d\u2019une exposition acad\u00e9mique classique, mais d\u2019un vibrant appel \u00e0 la<br \/>\nr\u00e9flexion et \u00e0 l\u2019action.<br \/>\n\u00c0 l\u2019occasion de cette foire des sciences, votre intelligence et vos talents artistiques illumineront<br \/>\nune v\u00e9rit\u00e9 universelle : l\u2019esclavage demeure le crime le plus grave de l\u2019humanit\u00e9.<br \/>\n\u00c0 travers vos projets, vos cr\u00e9ations et vos d\u00e9monstrations, faites dialoguer savoir scientifique et<br \/>\nexpression artistique afin d\u2019\u00e9veiller les consciences et de nourrir une r\u00e9flexion collective<br \/>\nprofonde.<br \/>\nNous avons choisi de vous regrouper par d\u00e9partement g\u00e9ographique d\u2019origine.<br \/>\nFuturs m\u00e9decins, dentistes, infirmi\u00e8res, infirmiers, physioth\u00e9rapeutes, r\u00e9\u00e9ducateurs, juristes,<br \/>\npolitologues, ing\u00e9nieurs, architectes, gestionnaires, \u00e9conomistes, comptables, agronomes,<br \/>\npharmaciens, techniciens d\u2019analyses biom\u00e9dicales &#8230;, vous serez les ambassadrices et<br \/>\nambassadeurs de la terre qui vous a vus na\u00eetre.<\/p>\n<p>Tous les fils et filles de votre d\u00e9partement g\u00e9ographique portent encore les traces du caract\u00e8re<br \/>\nsyst\u00e9mique et d\u00e9shumanisant de l\u2019esclavage. Les s\u00e9quelles physiques et mentales chez les<br \/>\ndescendants du Berceau de l\u2019humanit\u00e9 constituent une source de pathologies chroniques.<br \/>\nCette Foire des sciences vous invite \u00e0 \u00e9tablir les liens entre l\u2019h\u00e9ritage de l\u2019esclavage, les<br \/>\nin\u00e9galit\u00e9s structurelles, les violences sociales et les troubles psychologiques.<br \/>\nConvoit\u00e9es et pill\u00e9es par les esclavagistes et les n\u00e9ocolons, les richesses de vos terroirs doivent<br \/>\nd\u00e9sormais \u00eatre reconnues, prot\u00e9g\u00e9es et mises en valeur par leurs dignes fils et filles, gardiens<br \/>\nl\u00e9gitimes de cet h\u00e9ritage sacr\u00e9.<br \/>\nPour y parvenir, cette foire des sciences vous invite \u00e0:<br \/>\n\u2022 Identifier les corr\u00e9lations entre notre histoire coloniale et la mis\u00e8re infra-humaine.<br \/>\n\u2022 Promouvoir la musicoth\u00e9rapie, les danses th\u00e9rapeutiques et des rituels symboliques favorisant<br \/>\nla r\u00e9silience collective.<br \/>\n\u2022 Contribuer \u00e0 r\u00e9duire la m\u00e9fiance envers la m\u00e9decine h\u00e9rit\u00e9e du pass\u00e9 colonial et les in\u00e9galit\u00e9s<br \/>\nd\u2019acc\u00e8s aux soins de sant\u00e9.<br \/>\n\u2022 Affirmer la n\u00e9cessit\u00e9 des r\u00e9parations financi\u00e8res et m\u00e9morielles.<br \/>\n\u2022 Concevoir des mod\u00e8les juridiques, politiques et \u00e9conomiques susceptibles de promouvoir un<br \/>\nd\u00e9veloppement durable et \u00e9quitable.<br \/>\n\u2022 Imaginer des techniques agronomiques et des syst\u00e8mes d\u2019ing\u00e9nierie adapt\u00e9s aux sp\u00e9cificit\u00e9s<br \/>\nlocales.<br \/>\nD\u2019o\u00f9 l\u2019exigence d\u2019une expression claire du savoir scientifique au service de la dignit\u00e9 nationale.<br \/>\nDes primes seront attribu\u00e9es aux projets scientifiques et artistiques les plus engag\u00e9s sur ces<br \/>\nth\u00e9matiques.<br \/>\nVotre projet sera, d\u00e8s lors, une pierre pos\u00e9e \u00e0 l\u2019\u00e9difice de notre identit\u00e9 propre.<br \/>\nC\u2019est un acte patriotique que nous vous invitons \u00e0 poser: celui de mettre votre intelligence au<br \/>\nservice de votre patrie, en partant de ses racines.<br \/>\nAllons-y unifaristement !<br \/>\nFaisons de nos origines la source de notre prosp\u00e9rit\u00e9.<br \/>\nQue votre engagement transforme cette semaine scientifique en un lieu o\u00f9 vibrent les neurones<br \/>\nconscience!<\/p>\n<p><strong>Tabarre, le 6 Avril 2026.<\/strong><\/p>\n\t<\/div>\n\n\t<!--\tThis outputs the post META information -->\n\t<div class=\"entry-utility\">\n\t\t\t\t\t\t\t\t<span class=\"meta-sep\">&equiv;<\/span>\n\t\t\t\t<\/div>\n\t<\/div>\n<\/div>\n<!-- \/\/ Post Wrap End -->\n\n<!-- NOTE: If you need to make changes to this file, copy it to your current theme's main\n\tdirectory so your changes won't be overwritten when the plugin is upgraded. -->\n\n<!-- Post Wrap Start-->\n<div class=\"post hentry ivycat-post\">\n\n\t<!-- \tThis outputs the post TITLE -->\n\t<h2 class=\"post-on-page-title\"><a href=\"https:\/\/unifa-edu.info\/contenu\/2026\/04\/message-du-president\/\">Message du Pr\u00e9sident de l&#8217;UNIFA<\/a><\/h2>\n\t\n<div class=\"indent\">\n    \t<p class=\"entry-meta\" style=\"margin-top: 25px;text-align:right; font-weight: bold;\">&#128197;Publi\u00e9 le 14 avril, 2026<\/p>\n\t<!-- \tThis outputs the post EXCERPT.  To display full content including images and html,\n\t\treplace the_excerpt(); with the_content();  below. -->\n\t<div class=\"entry-summary\">\n\t\t<p style=\"text-align: center\">\n<p>Le \u00ab jeudi de l\u2019UNIFA \u00bb du 9 avril 2026 s\u2019est inscrit dans la dynamique des c\u00e9l\u00e9brations consacr\u00e9es \u00e0 la naissance de Toussaint Louverture. D\u00e8s l\u2019entame, le ton a \u00e9t\u00e9 donn\u00e9 : il ne s\u2019agissait pas seulement d\u2019honorer un h\u00e9ros national, mais de r\u00e9affirmer la port\u00e9e universelle de son combat. L\u2019esclavage y a \u00e9t\u00e9 pr\u00e9sent\u00e9, avec force, comme \u00ab le plus grave crime contre l\u2019humanit\u00e9 \u00bb, tant par son ampleur que par la persistance de ses s\u00e9quelles dans les soci\u00e9t\u00e9s contemporaines.<\/p>\n<p><img fetchpriority=\"high\" fetchpriority=\"high\" decoding=\"async\" class=\"alignnone size-medium wp-image-26000\" src=\"https:\/\/unifa-edu.info\/contenu\/wp-content\/uploads\/2026\/04\/PHOTO-2026-04-13-12-00-10-1-300x224.jpg\" alt=\"\" width=\"300\" height=\"224\" srcset=\"https:\/\/unifa-edu.info\/contenu\/wp-content\/uploads\/2026\/04\/PHOTO-2026-04-13-12-00-10-1-300x224.jpg 300w, https:\/\/unifa-edu.info\/contenu\/wp-content\/uploads\/2026\/04\/PHOTO-2026-04-13-12-00-10-1.jpg 627w\" sizes=\"(max-width: 300px) 100vw, 300px\" \/>\u00a0 \u00a0 \u00a0 \u00a0 \u00a0 \u00a0 \u00a0 \u00a0 \u00a0 \u00a0 \u00a0 \u00a0<img decoding=\"async\" class=\"alignnone size-medium wp-image-26001\" src=\"https:\/\/unifa-edu.info\/contenu\/wp-content\/uploads\/2026\/04\/PHOTO-2026-04-13-12-00-36-1-300x224.jpg\" alt=\"\" width=\"300\" height=\"224\" srcset=\"https:\/\/unifa-edu.info\/contenu\/wp-content\/uploads\/2026\/04\/PHOTO-2026-04-13-12-00-36-1-300x224.jpg 300w, https:\/\/unifa-edu.info\/contenu\/wp-content\/uploads\/2026\/04\/PHOTO-2026-04-13-12-00-36-1.jpg 627w\" sizes=\"(max-width: 300px) 100vw, 300px\" \/><\/p>\n<p>Dans cette dynamique, le pr\u00e9sident de l\u2019Universit\u00e9, le docteur Jean-Bertrand Aristide, a adress\u00e9 un message \u00e0 la communaut\u00e9 estudiantine, lu par un panel compos\u00e9 de trois Unifaristes. Son intervention a insist\u00e9 sur la n\u00e9cessit\u00e9 d\u2019un devoir de m\u00e9moire lucide, articul\u00e9 autour des exigences de justice et de r\u00e9paration, dans la perspective d\u2019un monde fond\u00e9 sur la libert\u00e9, l\u2019\u00e9galit\u00e9 et la dignit\u00e9 humaine.<\/p>\n<p>Le point central du message a \u00e9t\u00e9 l\u2019annonce officielle de la semaine scientifique de l\u2019ann\u00e9e acad\u00e9mique 2025-2026. Pr\u00e9sent\u00e9e comme une \u00ab v\u00e9ritable foire des sciences \u00bb, cette initiative d\u00e9passe le cadre classique des expositions acad\u00e9miques. Elle se veut un espace d\u2019interaction entre savoir scientifique et expression artistique, destin\u00e9 \u00e0 \u00e9veiller les consciences et \u00e0 susciter une r\u00e9flexion collective sur les h\u00e9ritages de l\u2019esclavage.<\/p>\n<p>Dans une approche r\u00e9solument interdisciplinaire, les \u00e9tudiants \u2014 issus de divers domaines tels que m\u00e9decine, odontologie, sciences infirmi\u00e8res, physioth\u00e9rapie, pharmacie, technologie m\u00e9dicale, sciences juridiques, sciences politiques, g\u00e9nie civil, architecture, gestion, \u00e9conomie, comptabilit\u00e9, et agronomie \u2014 sont appel\u00e9s \u00e0 repr\u00e9senter leurs d\u00e9partements g\u00e9ographiques d\u2019origine. Cette orientation vise \u00e0 ancrer la production scientifique dans les r\u00e9alit\u00e9s locales, tout en mettant en lumi\u00e8re les traces syst\u00e9miques laiss\u00e9es par l\u2019histoire coloniale.<\/p>\n<p><img decoding=\"async\" class=\"alignnone size-medium wp-image-26002\" src=\"https:\/\/unifa-edu.info\/contenu\/wp-content\/uploads\/2026\/04\/PHOTO-2026-04-13-12-06-03-1-300x224.jpg\" alt=\"\" width=\"300\" height=\"224\" srcset=\"https:\/\/unifa-edu.info\/contenu\/wp-content\/uploads\/2026\/04\/PHOTO-2026-04-13-12-06-03-1-300x224.jpg 300w, https:\/\/unifa-edu.info\/contenu\/wp-content\/uploads\/2026\/04\/PHOTO-2026-04-13-12-06-03-1.jpg 627w\" sizes=\"(max-width: 300px) 100vw, 300px\" \/>\u00a0 \u00a0 \u00a0 \u00a0 \u00a0 \u00a0 \u00a0 \u00a0 \u00a0 \u00a0 \u00a0 <img loading=\"lazy\" loading=\"lazy\" decoding=\"async\" class=\"alignnone size-medium wp-image-26003\" src=\"https:\/\/unifa-edu.info\/contenu\/wp-content\/uploads\/2026\/04\/PHOTO-2026-04-13-12-04-21-1-300x224.jpg\" alt=\"\" width=\"300\" height=\"224\" srcset=\"https:\/\/unifa-edu.info\/contenu\/wp-content\/uploads\/2026\/04\/PHOTO-2026-04-13-12-04-21-1-300x224.jpg 300w, https:\/\/unifa-edu.info\/contenu\/wp-content\/uploads\/2026\/04\/PHOTO-2026-04-13-12-04-21-1.jpg 627w\" sizes=\"auto, (max-width: 300px) 100vw, 300px\" \/><\/p>\n<p>Les th\u00e9matiques propos\u00e9es t\u00e9moignent de l\u2019ambition du projet : \u00e9tablir des corr\u00e9lations entre l\u2019esclavage et les in\u00e9galit\u00e9s structurelles, analyser les impacts sur la sant\u00e9 physique et mentale, promouvoir des approches innovantes telles que la musicoth\u00e9rapie et les pratiques culturelles th\u00e9rapeutiques, ou encore concevoir des mod\u00e8les de d\u00e9veloppement durable adapt\u00e9s aux contextes locaux.<\/p>\n<p>L\u2019accent a \u00e9galement \u00e9t\u00e9 mis sur la n\u00e9cessit\u00e9 de restaurer la confiance envers les syst\u00e8mes de sant\u00e9, souvent fragilis\u00e9e par les h\u00e9ritages du pass\u00e9 colonial, ainsi que sur l\u2019urgence de penser des m\u00e9canismes de r\u00e9paration, tant financiers que m\u00e9moriels. Par ailleurs, la valorisation des ressources locales et la protection des richesses territoriales ont \u00e9t\u00e9 pr\u00e9sent\u00e9es comme des leviers essentiels pour un d\u00e9veloppement endog\u00e8ne et \u00e9quitable.<\/p>\n<p><img loading=\"lazy\" loading=\"lazy\" decoding=\"async\" class=\"alignnone size-medium wp-image-26004\" src=\"https:\/\/unifa-edu.info\/contenu\/wp-content\/uploads\/2026\/04\/PHOTO-2026-04-13-12-04-35-1-300x224.jpg\" alt=\"\" width=\"300\" height=\"224\" srcset=\"https:\/\/unifa-edu.info\/contenu\/wp-content\/uploads\/2026\/04\/PHOTO-2026-04-13-12-04-35-1-300x224.jpg 300w, https:\/\/unifa-edu.info\/contenu\/wp-content\/uploads\/2026\/04\/PHOTO-2026-04-13-12-04-35-1.jpg 627w\" sizes=\"auto, (max-width: 300px) 100vw, 300px\" \/>\u00a0 \u00a0 \u00a0 \u00a0 \u00a0 \u00a0 \u00a0 \u00a0 \u00a0 \u00a0<img loading=\"lazy\" loading=\"lazy\" decoding=\"async\" class=\"alignnone size-medium wp-image-26005\" src=\"https:\/\/unifa-edu.info\/contenu\/wp-content\/uploads\/2026\/04\/PHOTO-2026-04-13-12-02-34-2-300x224.jpg\" alt=\"\" width=\"300\" height=\"224\" srcset=\"https:\/\/unifa-edu.info\/contenu\/wp-content\/uploads\/2026\/04\/PHOTO-2026-04-13-12-02-34-2-300x224.jpg 300w, https:\/\/unifa-edu.info\/contenu\/wp-content\/uploads\/2026\/04\/PHOTO-2026-04-13-12-02-34-2.jpg 627w\" sizes=\"auto, (max-width: 300px) 100vw, 300px\" \/><\/p>\n<p>Au-del\u00e0 des enjeux scientifiques, la prochaine semaine scientifique se veut un acte profond\u00e9ment patriotique. Chaque projet est envisag\u00e9 comme une contribution \u00e0 la construction d\u2019une identit\u00e9 nationale consciente de ses racines et tourn\u00e9e vers l\u2019avenir. Des distinctions seront attribu\u00e9es aux initiatives les plus engag\u00e9es, renfor\u00e7ant ainsi l\u2019esprit d\u2019excellence et de responsabilit\u00e9.<\/p>\n<p>En d\u00e9finitive, ce \u00ab jeudi de l\u2019UNIFA \u00bb n\u2019a pas seulement \u00e9t\u00e9 un moment de c\u00e9l\u00e9bration. Il a constitu\u00e9 une v\u00e9ritable plateforme de mobilisation intellectuelle et citoyenne, appelant la jeunesse universitaire \u00e0 transformer le savoir en levier de dignit\u00e9 et de progr\u00e8s. Un rendez-vous o\u00f9 m\u00e9moire et science se conjuguent pour esquisser les contours d\u2019un avenir plus juste.<\/p>\n<p><img loading=\"lazy\" loading=\"lazy\" decoding=\"async\" class=\"alignnone size-medium wp-image-26006\" src=\"https:\/\/unifa-edu.info\/contenu\/wp-content\/uploads\/2026\/04\/PHOTO-2026-04-13-12-03-49-1-300x224.jpg\" alt=\"\" width=\"300\" height=\"224\" srcset=\"https:\/\/unifa-edu.info\/contenu\/wp-content\/uploads\/2026\/04\/PHOTO-2026-04-13-12-03-49-1-300x224.jpg 300w, https:\/\/unifa-edu.info\/contenu\/wp-content\/uploads\/2026\/04\/PHOTO-2026-04-13-12-03-49-1.jpg 627w\" sizes=\"auto, (max-width: 300px) 100vw, 300px\" \/>\u00a0 \u00a0 \u00a0 \u00a0 \u00a0 \u00a0 \u00a0 <img loading=\"lazy\" loading=\"lazy\" decoding=\"async\" class=\"alignnone size-medium wp-image-26007\" src=\"https:\/\/unifa-edu.info\/contenu\/wp-content\/uploads\/2026\/04\/PHOTO-2026-04-13-12-03-24-1-300x224.jpg\" alt=\"\" width=\"300\" height=\"224\" srcset=\"https:\/\/unifa-edu.info\/contenu\/wp-content\/uploads\/2026\/04\/PHOTO-2026-04-13-12-03-24-1-300x224.jpg 300w, https:\/\/unifa-edu.info\/contenu\/wp-content\/uploads\/2026\/04\/PHOTO-2026-04-13-12-03-24-1.jpg 627w\" sizes=\"auto, (max-width: 300px) 100vw, 300px\" \/><\/p>\n<p>&nbsp;<\/p>\n<p><img loading=\"lazy\" loading=\"lazy\" decoding=\"async\" class=\"alignnone size-medium wp-image-26008\" src=\"https:\/\/unifa-edu.info\/contenu\/wp-content\/uploads\/2026\/04\/PHOTO-2026-04-13-12-02-18-1-300x224.jpg\" alt=\"\" width=\"300\" height=\"224\" srcset=\"https:\/\/unifa-edu.info\/contenu\/wp-content\/uploads\/2026\/04\/PHOTO-2026-04-13-12-02-18-1-300x224.jpg 300w, https:\/\/unifa-edu.info\/contenu\/wp-content\/uploads\/2026\/04\/PHOTO-2026-04-13-12-02-18-1.jpg 627w\" sizes=\"auto, (max-width: 300px) 100vw, 300px\" \/>\u00a0 \u00a0 \u00a0 \u00a0 \u00a0 \u00a0 \u00a0 <img loading=\"lazy\" loading=\"lazy\" decoding=\"async\" class=\"alignnone size-medium wp-image-26009\" src=\"https:\/\/unifa-edu.info\/contenu\/wp-content\/uploads\/2026\/04\/PHOTO-2026-04-13-12-00-58-1-300x224.jpg\" alt=\"\" width=\"300\" height=\"224\" srcset=\"https:\/\/unifa-edu.info\/contenu\/wp-content\/uploads\/2026\/04\/PHOTO-2026-04-13-12-00-58-1-300x224.jpg 300w, https:\/\/unifa-edu.info\/contenu\/wp-content\/uploads\/2026\/04\/PHOTO-2026-04-13-12-00-58-1.jpg 627w\" sizes=\"auto, (max-width: 300px) 100vw, 300px\" \/><\/p>\n<p>&nbsp;<\/p>\n<p>&nbsp;<\/p>\n<p>&nbsp;<\/p>\n<p>&nbsp;<\/p>\n<p>&nbsp;<\/p>\n\t<\/div>\n\n\t<!--\tThis outputs the post META information -->\n\t<div class=\"entry-utility\">\n\t\t\t\t\t\t\t\t<span class=\"meta-sep\">&equiv;<\/span>\n\t\t\t\t<\/div>\n\t<\/div>\n<\/div>\n<!-- \/\/ Post Wrap End -->\n\n<!-- NOTE: If you need to make changes to this file, copy it to your current theme's main\n\tdirectory so your changes won't be overwritten when the plugin is upgraded. -->\n\n<!-- Post Wrap Start-->\n<div class=\"post hentry ivycat-post\">\n\n\t<!-- \tThis outputs the post TITLE -->\n\t<h2 class=\"post-on-page-title\"><a href=\"https:\/\/unifa-edu.info\/contenu\/2026\/04\/25981\/\"><\/a><\/h2>\n\t\n<div class=\"indent\">\n    \t<p class=\"entry-meta\" style=\"margin-top: 25px;text-align:right; font-weight: bold;\">&#128197;Publi\u00e9 le 13 avril, 2026<\/p>\n\t<!-- \tThis outputs the post EXCERPT.  To display full content including images and html,\n\t\treplace the_excerpt(); with the_content();  below. -->\n\t<div class=\"entry-summary\">\n\t\t<p style=\"text-align: center\"><strong>Diffusion d\u2019images sans consentement, un m\u00e9moire tire la sonnette d\u2019alarme<\/strong><\/p>\n<p>L\u2019\u00e9tudiant en sciences juridiques Rayschard Belotte a soutenu avec succ\u00e8s, le lundi 23 mars 2026, son m\u00e9moire de fin d\u2019\u00e9tudes intitul\u00e9 <em>\u00ab L\u2019utilisation de l&#8217;image des personnes en Ha\u00efti sur les r\u00e9seaux sociaux au regard de la pr\u00e9somption d\u2019innocence et de la vie priv\u00e9e (2015-2025) \u00bb<\/em>. Pr\u00e9sent\u00e9 devant un jury compos\u00e9 de Donnelet Fr\u00e9d\u00e9rique (pr\u00e9sident), Lacks Guvens Cadette (lecteur critique) et Me Ducasse Joseph (directeur de m\u00e9moire), ce travail de recherche s\u2019inscrit dans un contexte marqu\u00e9 par l\u2019essor fulgurant du num\u00e9rique dans le pays.<\/p>\n<p><img loading=\"lazy\" loading=\"lazy\" decoding=\"async\" class=\"alignnone size-medium wp-image-25984\" src=\"https:\/\/unifa-edu.info\/contenu\/wp-content\/uploads\/2026\/04\/PHOTO-2026-04-13-12-26-36-300x224.jpg\" alt=\"\" width=\"300\" height=\"224\" srcset=\"https:\/\/unifa-edu.info\/contenu\/wp-content\/uploads\/2026\/04\/PHOTO-2026-04-13-12-26-36-300x224.jpg 300w, https:\/\/unifa-edu.info\/contenu\/wp-content\/uploads\/2026\/04\/PHOTO-2026-04-13-12-26-36.jpg 627w\" sizes=\"auto, (max-width: 300px) 100vw, 300px\" \/>\u00a0 \u00a0 \u00a0 \u00a0 \u00a0 \u00a0 \u00a0<img loading=\"lazy\" loading=\"lazy\" decoding=\"async\" class=\"alignnone size-medium wp-image-25983\" src=\"https:\/\/unifa-edu.info\/contenu\/wp-content\/uploads\/2026\/04\/PHOTO-2026-04-13-12-25-07-300x224.jpg\" alt=\"\" width=\"300\" height=\"224\" srcset=\"https:\/\/unifa-edu.info\/contenu\/wp-content\/uploads\/2026\/04\/PHOTO-2026-04-13-12-25-07-300x224.jpg 300w, https:\/\/unifa-edu.info\/contenu\/wp-content\/uploads\/2026\/04\/PHOTO-2026-04-13-12-25-07.jpg 627w\" sizes=\"auto, (max-width: 300px) 100vw, 300px\" \/><\/p>\n<p>Dans son expos\u00e9, l\u2019imp\u00e9trant a attir\u00e9 l\u2019attention sur les cons\u00e9quences juridiques de l\u2019utilisation non consentie de l\u2019image des individus sur les plateformes num\u00e9riques. Selon lui, cette pratique constitue une atteinte directe \u00e0 deux piliers fondamentaux du droit : le respect de la vie priv\u00e9e et la pr\u00e9somption d\u2019innocence. \u00ab La l\u00e9gislation ha\u00eftienne accuse un retard face \u00e0 cette nouvelle r\u00e9alit\u00e9 \u00bb, a-t-il soulign\u00e9 pour justifier le choix de son sujet.<\/p>\n<p><img loading=\"lazy\" loading=\"lazy\" decoding=\"async\" class=\"alignnone size-medium wp-image-25982\" src=\"https:\/\/unifa-edu.info\/contenu\/wp-content\/uploads\/2026\/04\/PHOTO-2026-04-13-12-25-57-300x224.jpg\" alt=\"\" width=\"300\" height=\"224\" srcset=\"https:\/\/unifa-edu.info\/contenu\/wp-content\/uploads\/2026\/04\/PHOTO-2026-04-13-12-25-57-300x224.jpg 300w, https:\/\/unifa-edu.info\/contenu\/wp-content\/uploads\/2026\/04\/PHOTO-2026-04-13-12-25-57.jpg 627w\" sizes=\"auto, (max-width: 300px) 100vw, 300px\" \/><\/p>\n<p>Le m\u00e9moire s\u2019articule autour d\u2019une probl\u00e9matique centrale : dans quelle mesure la diffusion d\u2019images sans consentement sur les r\u00e9seaux sociaux constitue-t-elle une violation des droits fondamentaux et des principes juridiques ? Pour y r\u00e9pondre, Rayschard Belotte a combin\u00e9 une analyse documentaire approfondie avec une enqu\u00eate de terrain reposant sur des approches \u00e0 la fois quantitative et qualitative.<\/p>\n<p>&nbsp;<\/p>\n<p><img loading=\"lazy\" loading=\"lazy\" decoding=\"async\" class=\"alignnone size-medium wp-image-25995\" src=\"https:\/\/unifa-edu.info\/contenu\/wp-content\/uploads\/2026\/04\/PHOTO-2026-04-13-12-30-15-300x224.jpg\" alt=\"\" width=\"300\" height=\"224\" srcset=\"https:\/\/unifa-edu.info\/contenu\/wp-content\/uploads\/2026\/04\/PHOTO-2026-04-13-12-30-15-300x224.jpg 300w, https:\/\/unifa-edu.info\/contenu\/wp-content\/uploads\/2026\/04\/PHOTO-2026-04-13-12-30-15.jpg 627w\" sizes=\"auto, (max-width: 300px) 100vw, 300px\" \/>\u00a0 \u00a0 \u00a0 \u00a0 <img loading=\"lazy\" loading=\"lazy\" decoding=\"async\" class=\"alignnone size-medium wp-image-25985\" src=\"https:\/\/unifa-edu.info\/contenu\/wp-content\/uploads\/2026\/04\/1t_tg8bu-ch_xgBamqT2mBql9uUuvr-I0w627-h468-p-k-nu-iv1-300x224.jpeg\" alt=\"\" width=\"300\" height=\"224\" srcset=\"https:\/\/unifa-edu.info\/contenu\/wp-content\/uploads\/2026\/04\/1t_tg8bu-ch_xgBamqT2mBql9uUuvr-I0w627-h468-p-k-nu-iv1-300x224.jpeg 300w, https:\/\/unifa-edu.info\/contenu\/wp-content\/uploads\/2026\/04\/1t_tg8bu-ch_xgBamqT2mBql9uUuvr-I0w627-h468-p-k-nu-iv1.jpeg 627w\" sizes=\"auto, (max-width: 300px) 100vw, 300px\" \/><\/p>\n<p>Les r\u00e9sultats de cette enqu\u00eate, men\u00e9e aupr\u00e8s de 200 personnes, sont sans \u00e9quivoque. Pr\u00e8s de 95,5 % des r\u00e9pondants estiment que l\u2019image des individus est utilis\u00e9e de mani\u00e8re irrespectueuse sur les r\u00e9seaux sociaux. Plus marquant encore, 98 % des participants se prononcent en faveur de l\u2019adoption d\u2019une loi visant \u00e0 encadrer cette pratique.<\/p>\n<p>Pour le chercheur, ces chiffres traduisent une prise de conscience collective face aux d\u00e9rives observ\u00e9es dans l\u2019espace num\u00e9rique. Ils confirment non seulement l\u2019ampleur du probl\u00e8me, mais aussi la forte demande en faveur d\u2019une intervention l\u00e9gislative.<\/p>\n<p>Au-del\u00e0 du constat, le m\u00e9moire plaide pour une r\u00e9forme du cadre juridique ha\u00eftien afin de mieux prot\u00e9ger les citoyens. L\u2019objectif, selon l\u2019auteur, est de combler le vide l\u00e9gal actuel et de pr\u00e9venir les violations r\u00e9p\u00e9t\u00e9es des droits fondamentaux dans l\u2019environnement num\u00e9rique.<\/p>\n<p>Par la pertinence de son analyse et l\u2019actualit\u00e9 du sujet trait\u00e9, ce travail contribue \u00e0 alimenter le d\u00e9bat sur la r\u00e9gulation des r\u00e9seaux sociaux en Ha\u00efti, \u00e0 un moment o\u00f9 les usages num\u00e9riques red\u00e9finissent les rapports sociaux et juridiques.<\/p>\n<p>La soutenance de Rayschard Belotte marque ainsi une \u00e9tape importante dans la r\u00e9flexion acad\u00e9mique sur les droits num\u00e9riques dans le pays.<\/p>\n<p><img loading=\"lazy\" loading=\"lazy\" decoding=\"async\" class=\"alignnone size-medium wp-image-25987\" src=\"https:\/\/unifa-edu.info\/contenu\/wp-content\/uploads\/2026\/04\/PHOTO-2026-04-13-12-27-11-300x224.jpg\" alt=\"\" width=\"300\" height=\"224\" srcset=\"https:\/\/unifa-edu.info\/contenu\/wp-content\/uploads\/2026\/04\/PHOTO-2026-04-13-12-27-11-300x224.jpg 300w, https:\/\/unifa-edu.info\/contenu\/wp-content\/uploads\/2026\/04\/PHOTO-2026-04-13-12-27-11.jpg 627w\" sizes=\"auto, (max-width: 300px) 100vw, 300px\" \/>\u00a0 \u00a0 \u00a0 \u00a0<img loading=\"lazy\" loading=\"lazy\" decoding=\"async\" class=\"alignnone size-medium wp-image-25988\" src=\"https:\/\/unifa-edu.info\/contenu\/wp-content\/uploads\/2026\/04\/PHOTO-2026-04-13-12-27-34-300x224.jpg\" alt=\"\" width=\"300\" height=\"224\" srcset=\"https:\/\/unifa-edu.info\/contenu\/wp-content\/uploads\/2026\/04\/PHOTO-2026-04-13-12-27-34-300x224.jpg 300w, https:\/\/unifa-edu.info\/contenu\/wp-content\/uploads\/2026\/04\/PHOTO-2026-04-13-12-27-34.jpg 627w\" sizes=\"auto, (max-width: 300px) 100vw, 300px\" \/><\/p>\n<p><img loading=\"lazy\" loading=\"lazy\" decoding=\"async\" class=\"alignnone size-medium wp-image-25989\" src=\"https:\/\/unifa-edu.info\/contenu\/wp-content\/uploads\/2026\/04\/PHOTO-2026-04-13-12-27-50-300x224.jpg\" alt=\"\" width=\"300\" height=\"224\" srcset=\"https:\/\/unifa-edu.info\/contenu\/wp-content\/uploads\/2026\/04\/PHOTO-2026-04-13-12-27-50-300x224.jpg 300w, https:\/\/unifa-edu.info\/contenu\/wp-content\/uploads\/2026\/04\/PHOTO-2026-04-13-12-27-50.jpg 627w\" sizes=\"auto, (max-width: 300px) 100vw, 300px\" \/>\u00a0 \u00a0 \u00a0 \u00a0 <img loading=\"lazy\" loading=\"lazy\" decoding=\"async\" class=\"alignnone size-medium wp-image-25990\" src=\"https:\/\/unifa-edu.info\/contenu\/wp-content\/uploads\/2026\/04\/PHOTO-2026-04-13-12-28-13-300x224.jpg\" alt=\"\" width=\"300\" height=\"224\" srcset=\"https:\/\/unifa-edu.info\/contenu\/wp-content\/uploads\/2026\/04\/PHOTO-2026-04-13-12-28-13-300x224.jpg 300w, https:\/\/unifa-edu.info\/contenu\/wp-content\/uploads\/2026\/04\/PHOTO-2026-04-13-12-28-13.jpg 627w\" sizes=\"auto, (max-width: 300px) 100vw, 300px\" \/><\/p>\n<p><img loading=\"lazy\" loading=\"lazy\" decoding=\"async\" class=\"alignnone size-medium wp-image-25991\" src=\"https:\/\/unifa-edu.info\/contenu\/wp-content\/uploads\/2026\/04\/PHOTO-2026-04-13-12-28-26-300x224.jpg\" alt=\"\" width=\"300\" height=\"224\" srcset=\"https:\/\/unifa-edu.info\/contenu\/wp-content\/uploads\/2026\/04\/PHOTO-2026-04-13-12-28-26-300x224.jpg 300w, https:\/\/unifa-edu.info\/contenu\/wp-content\/uploads\/2026\/04\/PHOTO-2026-04-13-12-28-26.jpg 627w\" sizes=\"auto, (max-width: 300px) 100vw, 300px\" \/>\u00a0 \u00a0 \u00a0 \u00a0 \u00a0<img loading=\"lazy\" loading=\"lazy\" decoding=\"async\" class=\"alignnone size-medium wp-image-25992\" src=\"https:\/\/unifa-edu.info\/contenu\/wp-content\/uploads\/2026\/04\/PHOTO-2026-04-13-12-28-50-300x224.jpg\" alt=\"\" width=\"300\" height=\"224\" srcset=\"https:\/\/unifa-edu.info\/contenu\/wp-content\/uploads\/2026\/04\/PHOTO-2026-04-13-12-28-50-300x224.jpg 300w, https:\/\/unifa-edu.info\/contenu\/wp-content\/uploads\/2026\/04\/PHOTO-2026-04-13-12-28-50.jpg 627w\" sizes=\"auto, (max-width: 300px) 100vw, 300px\" \/> <img loading=\"lazy\" loading=\"lazy\" decoding=\"async\" class=\"alignnone size-medium wp-image-25993\" src=\"https:\/\/unifa-edu.info\/contenu\/wp-content\/uploads\/2026\/04\/PHOTO-2026-04-13-12-29-21-300x224.jpg\" alt=\"\" width=\"300\" height=\"224\" srcset=\"https:\/\/unifa-edu.info\/contenu\/wp-content\/uploads\/2026\/04\/PHOTO-2026-04-13-12-29-21-300x224.jpg 300w, https:\/\/unifa-edu.info\/contenu\/wp-content\/uploads\/2026\/04\/PHOTO-2026-04-13-12-29-21.jpg 627w\" sizes=\"auto, (max-width: 300px) 100vw, 300px\" \/>\u00a0 \u00a0 \u00a0 \u00a0\u00a0<img loading=\"lazy\" loading=\"lazy\" decoding=\"async\" class=\"alignnone size-medium wp-image-25994\" src=\"https:\/\/unifa-edu.info\/contenu\/wp-content\/uploads\/2026\/04\/PHOTO-2026-04-13-12-29-45-300x224.jpg\" alt=\"\" width=\"300\" height=\"224\" srcset=\"https:\/\/unifa-edu.info\/contenu\/wp-content\/uploads\/2026\/04\/PHOTO-2026-04-13-12-29-45-300x224.jpg 300w, https:\/\/unifa-edu.info\/contenu\/wp-content\/uploads\/2026\/04\/PHOTO-2026-04-13-12-29-45.jpg 627w\" sizes=\"auto, (max-width: 300px) 100vw, 300px\" \/><\/p>\n<p>&nbsp;<\/p>\n<p>&nbsp;<\/p>\n<p>&nbsp;<\/p>\n\t<\/div>\n\n\t<!--\tThis outputs the post META information -->\n\t<div class=\"entry-utility\">\n\t\t\t\t\t\t\t\t<span class=\"meta-sep\">&equiv;<\/span>\n\t\t\t\t<\/div>\n\t<\/div>\n<\/div>\n<!-- \/\/ Post Wrap End -->\n\n<!-- NOTE: If you need to make changes to this file, copy it to your current theme's main\n\tdirectory so your changes won't be overwritten when the plugin is upgraded. -->\n\n<!-- Post Wrap Start-->\n<div class=\"post hentry ivycat-post\">\n\n\t<!-- \tThis outputs the post TITLE -->\n\t<h2 class=\"post-on-page-title\"><a href=\"https:\/\/unifa-edu.info\/contenu\/2026\/04\/25950\/\"><\/a><\/h2>\n\t\n<div class=\"indent\">\n    \t<p class=\"entry-meta\" style=\"margin-top: 25px;text-align:right; font-weight: bold;\">&#128197;Publi\u00e9 le <\/p>\n\t<!-- \tThis outputs the post EXCERPT.  To display full content including images and html,\n\t\treplace the_excerpt(); with the_content();  below. -->\n\t<div class=\"entry-summary\">\n\t\t<p style=\"text-align: center\"><strong>L\u2019UNIFA met en lumi\u00e8re l\u2019importance de sortir de sa zone de confort<\/strong><\/p>\n<p>L\u2019Universit\u00e9 de la Fondation Dr Aristide a accueilli, le jeudi 2 avril 2026, la Dre Neyssa \u00c9tienne dans le cadre de son activit\u00e9 hebdomadaire \u00ab Jeudi de l\u2019UNIFA \u00bb. Membre du d\u00e9canat de la Facult\u00e9 de Pharmacie et des Sciences Biom\u00e9dicales, l\u2019intervenante a anim\u00e9 une conf\u00e9rence autour du th\u00e8me : <em>\u00ab La valeur de l\u2019apprentissage hors de sa zone de confort \u00bb<\/em>. Une pr\u00e9sentation qui a profond\u00e9ment marqu\u00e9 l\u2019assistance, en soulignant la n\u00e9cessit\u00e9 de progresser malgr\u00e9 les obstacles.<\/p>\n<p><img loading=\"lazy\" loading=\"lazy\" decoding=\"async\" class=\"alignnone size-medium wp-image-25951\" src=\"https:\/\/unifa-edu.info\/contenu\/wp-content\/uploads\/2026\/04\/PHOTO-2026-04-10-20-29-41-300x224.jpg\" alt=\"\" width=\"300\" height=\"224\" srcset=\"https:\/\/unifa-edu.info\/contenu\/wp-content\/uploads\/2026\/04\/PHOTO-2026-04-10-20-29-41-300x224.jpg 300w, https:\/\/unifa-edu.info\/contenu\/wp-content\/uploads\/2026\/04\/PHOTO-2026-04-10-20-29-41.jpg 627w\" sizes=\"auto, (max-width: 300px) 100vw, 300px\" \/>\u00a0 \u00a0 \u00a0 \u00a0 \u00a0 \u00a0 \u00a0 \u00a0\u00a0 <img loading=\"lazy\" loading=\"lazy\" decoding=\"async\" class=\"alignnone size-medium wp-image-25952\" src=\"https:\/\/unifa-edu.info\/contenu\/wp-content\/uploads\/2026\/04\/PHOTO-2026-04-10-20-18-39-300x224.jpg\" alt=\"\" width=\"300\" height=\"224\" srcset=\"https:\/\/unifa-edu.info\/contenu\/wp-content\/uploads\/2026\/04\/PHOTO-2026-04-10-20-18-39-300x224.jpg 300w, https:\/\/unifa-edu.info\/contenu\/wp-content\/uploads\/2026\/04\/PHOTO-2026-04-10-20-18-39.jpg 627w\" sizes=\"auto, (max-width: 300px) 100vw, 300px\" \/><\/p>\n<p>D\u00e8s l\u2019entame de son intervention, Dre \u00c9tienne a pris soin de d\u00e9finir le concept central de son expos\u00e9. \u00ab <em>En psychologie, on d\u00e9finit la zone de confort comme l&#8217;ensemble des comportements et habitudes qui sont connus, s\u00fbrs, familiers, pr\u00e9visibles et rassurants. C&#8217;est un espace o\u00f9 l&#8217;on s&#8217;appuie sur des routines, o\u00f9 l&#8217;on se sent comp\u00e9tent et o\u00f9 l&#8217;anxi\u00e9t\u00e9 est minimale\u00a0 <\/em>\u00bb, a-t-elle expliqu\u00e9.<\/p>\n<p>Pour faciliter la compr\u00e9hension, la conf\u00e9renci\u00e8re a invit\u00e9 le public \u00e0 imaginer un cercle: \u00e0 l\u2019int\u00e9rieur se trouve la zone de confort, tandis qu\u2019\u00e0 l\u2019ext\u00e9rieur s\u2019\u00e9tend une zone per\u00e7ue comme incertaine, voire mena\u00e7ante. \u00ab <em>Volontairement, chacun peut d\u00e9cider d&#8217;\u00e9largir progressivement ce cercle afin d&#8217;accro\u00eetre ses connaissances et ses exp\u00e9riences. Mais parfois, de mani\u00e8re inattendue et pour des raisons ind\u00e9pendantes de notre volont\u00e9, ce cercle peut se briser et nous projeter directement dans la zone de danger<\/em>\u00a0\u00bb, a-t-elle pr\u00e9cis\u00e9.<\/p>\n<p>S\u2019appuyant sur des exemples concrets, Dre \u00c9tienne a rappel\u00e9 que l\u2019apprentissage est intrins\u00e8quement li\u00e9 \u00e0 la sortie de la zone de confort. Apprendre \u00e0 marcher, \u00e0 parler, \u00e0 lire ou encore \u00e0 pratiquer un sport constitue autant d\u2019\u00e9tapes o\u00f9 l\u2019individu quitte un environnement familier pour en explorer un nouveau. \u00ab <em>\u00c0 chaque \u00e9tape, vous avez laiss\u00e9 un univers que vous connaissiez pour rejoindre un univers inconnu qui est ensuite devenu votre quotidien<\/em>\u00a0\u00bb, a-t-elle soulign\u00e9.<\/p>\n<p>Au-del\u00e0 de cette d\u00e9monstration, la professeure de physiologie et de terminologie m\u00e9dicale a mis en avant le r\u00f4le fondamental de l\u2019apprentissage dans le d\u00e9veloppement personnel et professionnel. Selon elle, l\u2019acquisition continue de connaissances permet non seulement de renforcer les comp\u00e9tences, mais aussi de stimuler la cr\u00e9ativit\u00e9 et l\u2019innovation. \u00ab <em>Plus une personne apprend, plus elle dispose de ressources pour inventer des solutions originales face aux probl\u00e8mes rencontr\u00e9s<\/em> \u00bb, a-t-elle affirm\u00e9, tout en insistant sur le lien entre savoir et confiance en soi.<\/p>\n<p><img loading=\"lazy\" loading=\"lazy\" decoding=\"async\" class=\"alignnone size-medium wp-image-25954\" src=\"https:\/\/unifa-edu.info\/contenu\/wp-content\/uploads\/2026\/04\/PHOTO-2026-04-10-20-20-25-300x224.jpg\" alt=\"\" width=\"300\" height=\"224\" srcset=\"https:\/\/unifa-edu.info\/contenu\/wp-content\/uploads\/2026\/04\/PHOTO-2026-04-10-20-20-25-300x224.jpg 300w, https:\/\/unifa-edu.info\/contenu\/wp-content\/uploads\/2026\/04\/PHOTO-2026-04-10-20-20-25.jpg 627w\" sizes=\"auto, (max-width: 300px) 100vw, 300px\" \/>\u00a0 \u00a0 \u00a0 \u00a0 \u00a0 \u00a0 \u00a0 <img loading=\"lazy\" loading=\"lazy\" decoding=\"async\" class=\"alignnone size-medium wp-image-25953\" src=\"https:\/\/unifa-edu.info\/contenu\/wp-content\/uploads\/2026\/04\/PHOTO-2026-04-10-20-18-57-300x224.jpg\" alt=\"\" width=\"300\" height=\"224\" srcset=\"https:\/\/unifa-edu.info\/contenu\/wp-content\/uploads\/2026\/04\/PHOTO-2026-04-10-20-18-57-300x224.jpg 300w, https:\/\/unifa-edu.info\/contenu\/wp-content\/uploads\/2026\/04\/PHOTO-2026-04-10-20-18-57.jpg 627w\" sizes=\"auto, (max-width: 300px) 100vw, 300px\" \/><\/p>\n<p>Dre \u00c9tienne a \u00e9galement insist\u00e9 sur la port\u00e9e sociale de l\u2019\u00e9ducation. \u00ab <em>L\u2019\u00e9ducation constitue un levier essentiel pour r\u00e9duire la pauvret\u00e9. Elle offre aux individus les moyens de s&#8217;\u00e9manciper, de devenir ind\u00e9pendants, de participer activement \u00e0 la vie \u00e9conomique et sociale. Elle favorise l&#8217;\u00e9galit\u00e9 en donnant \u00e0 chacun, ind\u00e9pendamment de son statut ou de son origine, la possibilit\u00e9 d&#8217;acc\u00e9der aux m\u00eames opportunit\u00e9s<\/em> \u00bb, a-t-elle d\u00e9clar\u00e9.<\/p>\n<p><img loading=\"lazy\" loading=\"lazy\" decoding=\"async\" class=\"alignnone size-medium wp-image-25956\" src=\"https:\/\/unifa-edu.info\/contenu\/wp-content\/uploads\/2026\/04\/PHOTO-2026-04-10-20-21-45-300x224.jpg\" alt=\"\" width=\"300\" height=\"224\" srcset=\"https:\/\/unifa-edu.info\/contenu\/wp-content\/uploads\/2026\/04\/PHOTO-2026-04-10-20-21-45-300x224.jpg 300w, https:\/\/unifa-edu.info\/contenu\/wp-content\/uploads\/2026\/04\/PHOTO-2026-04-10-20-21-45.jpg 627w\" sizes=\"auto, (max-width: 300px) 100vw, 300px\" \/>\u00a0 \u00a0 \u00a0 \u00a0 \u00a0 \u00a0 \u00a0<img loading=\"lazy\" loading=\"lazy\" decoding=\"async\" class=\"alignnone size-medium wp-image-25958\" src=\"https:\/\/unifa-edu.info\/contenu\/wp-content\/uploads\/2026\/04\/PHOTO-2026-04-10-20-24-02-300x224.jpg\" alt=\"\" width=\"300\" height=\"224\" srcset=\"https:\/\/unifa-edu.info\/contenu\/wp-content\/uploads\/2026\/04\/PHOTO-2026-04-10-20-24-02-300x224.jpg 300w, https:\/\/unifa-edu.info\/contenu\/wp-content\/uploads\/2026\/04\/PHOTO-2026-04-10-20-24-02.jpg 627w\" sizes=\"auto, (max-width: 300px) 100vw, 300px\" \/><\/p>\n<p>En conclusion, la conf\u00e9renci\u00e8re a adress\u00e9 plusieurs recommandations aux \u00e9tudiants pour les encourager \u00e0 sortir de leur zone de confort. Elle a notamment \u00e9voqu\u00e9 l\u2019importance du b\u00e9n\u00e9volat, du mentorat et de l\u2019exploration de nouvelles activit\u00e9s. \u00ab <em>Je vous encourage vivement \u00e0 pratiquer le b\u00e9n\u00e9volat. Ensuite, nous avons le mentorat qui consiste \u00e0 s&#8217;inspirer d&#8217;un mentor. [\u2026] Investir dans un passe-temps ou une activit\u00e9 nouvelle, parfois exigeante, est une mani\u00e8re subtile mais puissante de quitter sa zone de confort <\/em>\u00bb, a-t-elle conseill\u00e9.<\/p>\n<p>Cette conf\u00e9rence, \u00e0 la fois inspirante et instructive, s\u2019inscrit dans la mission de l\u2019Universit\u00e9 de la Fondation Dr Aristide de former des professionnels comp\u00e9tents, mais \u00e9galement des citoyens capables de s\u2019adapter, d\u2019innover et de relever les d\u00e9fis d\u2019un monde en constante \u00e9volution.<\/p>\n<p><img loading=\"lazy\" loading=\"lazy\" decoding=\"async\" class=\"alignnone size-medium wp-image-25955\" src=\"https:\/\/unifa-edu.info\/contenu\/wp-content\/uploads\/2026\/04\/PHOTO-2026-04-10-20-21-11-300x224.jpg\" alt=\"\" width=\"300\" height=\"224\" srcset=\"https:\/\/unifa-edu.info\/contenu\/wp-content\/uploads\/2026\/04\/PHOTO-2026-04-10-20-21-11-300x224.jpg 300w, https:\/\/unifa-edu.info\/contenu\/wp-content\/uploads\/2026\/04\/PHOTO-2026-04-10-20-21-11.jpg 627w\" sizes=\"auto, (max-width: 300px) 100vw, 300px\" \/>\u00a0 \u00a0 \u00a0 \u00a0 \u00a0 \u00a0 \u00a0\u00a0<img loading=\"lazy\" loading=\"lazy\" decoding=\"async\" class=\"alignnone size-medium wp-image-25957\" src=\"https:\/\/unifa-edu.info\/contenu\/wp-content\/uploads\/2026\/04\/PHOTO-2026-04-10-20-22-51-300x224.jpg\" alt=\"\" width=\"300\" height=\"224\" srcset=\"https:\/\/unifa-edu.info\/contenu\/wp-content\/uploads\/2026\/04\/PHOTO-2026-04-10-20-22-51-300x224.jpg 300w, https:\/\/unifa-edu.info\/contenu\/wp-content\/uploads\/2026\/04\/PHOTO-2026-04-10-20-22-51.jpg 627w\" sizes=\"auto, (max-width: 300px) 100vw, 300px\" \/> \u00a0<img loading=\"lazy\" loading=\"lazy\" decoding=\"async\" class=\"alignnone size-medium wp-image-25959\" src=\"https:\/\/unifa-edu.info\/contenu\/wp-content\/uploads\/2026\/04\/PHOTO-2026-04-10-20-25-23-300x224.jpg\" alt=\"\" width=\"300\" height=\"224\" srcset=\"https:\/\/unifa-edu.info\/contenu\/wp-content\/uploads\/2026\/04\/PHOTO-2026-04-10-20-25-23-300x224.jpg 300w, https:\/\/unifa-edu.info\/contenu\/wp-content\/uploads\/2026\/04\/PHOTO-2026-04-10-20-25-23.jpg 627w\" sizes=\"auto, (max-width: 300px) 100vw, 300px\" \/>\u00a0 \u00a0 \u00a0 \u00a0 \u00a0 \u00a0 \u00a0 \u00a0 \u00a0 <img loading=\"lazy\" loading=\"lazy\" decoding=\"async\" class=\"alignnone size-medium wp-image-25960\" src=\"https:\/\/unifa-edu.info\/contenu\/wp-content\/uploads\/2026\/04\/PHOTO-2026-04-10-20-28-08-300x224.jpg\" alt=\"\" width=\"300\" height=\"224\" srcset=\"https:\/\/unifa-edu.info\/contenu\/wp-content\/uploads\/2026\/04\/PHOTO-2026-04-10-20-28-08-300x224.jpg 300w, https:\/\/unifa-edu.info\/contenu\/wp-content\/uploads\/2026\/04\/PHOTO-2026-04-10-20-28-08.jpg 627w\" sizes=\"auto, (max-width: 300px) 100vw, 300px\" \/><\/p>\n<p>&nbsp;<\/p>\n\t<\/div>\n\n\t<!--\tThis outputs the post META information -->\n\t<div class=\"entry-utility\">\n\t\t\t\t\t\t\t\t<span class=\"meta-sep\">&equiv;<\/span>\n\t\t\t\t<\/div>\n\t<\/div>\n<\/div>\n<!-- \/\/ Post Wrap End -->\n\n<!-- NOTE: If you need to make changes to this file, copy it to your current theme's main\n\tdirectory so your changes won't be overwritten when the plugin is upgraded. -->\n\n<!-- Post Wrap Start-->\n<div class=\"post hentry ivycat-post\">\n\n\t<!-- \tThis outputs the post TITLE -->\n\t<h2 class=\"post-on-page-title\"><a href=\"https:\/\/unifa-edu.info\/contenu\/2026\/03\/25928\/\"><\/a><\/h2>\n\t\n<div class=\"indent\">\n    \t<p class=\"entry-meta\" style=\"margin-top: 25px;text-align:right; font-weight: bold;\">&#128197;Publi\u00e9 le 30 mars, 2026<\/p>\n\t<!-- \tThis outputs the post EXCERPT.  To display full content including images and html,\n\t\treplace the_excerpt(); with the_content();  below. -->\n\t<div class=\"entry-summary\">\n\t\t<p style=\"text-align: center\"><strong>Lancement du concours \u00ab\u00a0UNIFA, la prestigieuse\u00a0\u00bb<\/strong><\/p>\n<p>Dans une atmosph\u00e8re m\u00ealant r\u00e9flexion acad\u00e9mique et esprit de comp\u00e9tition, le \u00ab jeudi de l\u2019UNIFA \u00bb du 26 mars 2026 a \u00e9t\u00e9 consacr\u00e9 au lancement du concours \u00abUNIFA, la prestigieuse \u00bb. Pour situer le contexte, la directrice de la Facult\u00e9 des Sciences Infirmi\u00e8res, Miss Marjorie Gaussain, a livr\u00e9 une intervention marquante autour du th\u00e8me : \u00ab R\u00e9seaux sociaux et responsabilit\u00e9 professionnelle \u00bb. Une prise de parole qui a largement sensibilis\u00e9 l\u2019assistance aux comportements appropri\u00e9s \u00e0 adopter sur les plateformes num\u00e9riques.<\/p>\n<p><img loading=\"lazy\" loading=\"lazy\" decoding=\"async\" class=\"alignnone size-medium wp-image-25929\" src=\"https:\/\/unifa-edu.info\/contenu\/wp-content\/uploads\/2026\/03\/PHOTO-2026-03-27-15-47-02-300x224.jpg\" alt=\"\" width=\"300\" height=\"224\" srcset=\"https:\/\/unifa-edu.info\/contenu\/wp-content\/uploads\/2026\/03\/PHOTO-2026-03-27-15-47-02-300x224.jpg 300w, https:\/\/unifa-edu.info\/contenu\/wp-content\/uploads\/2026\/03\/PHOTO-2026-03-27-15-47-02.jpg 627w\" sizes=\"auto, (max-width: 300px) 100vw, 300px\" \/>\u00a0 <img loading=\"lazy\" loading=\"lazy\" decoding=\"async\" class=\"alignnone  wp-image-25931\" src=\"https:\/\/unifa-edu.info\/contenu\/wp-content\/uploads\/2026\/03\/PHOTO-2026-03-27-15-48-26-300x224.jpg\" alt=\"\" width=\"205\" height=\"153\" srcset=\"https:\/\/unifa-edu.info\/contenu\/wp-content\/uploads\/2026\/03\/PHOTO-2026-03-27-15-48-26-300x224.jpg 300w, https:\/\/unifa-edu.info\/contenu\/wp-content\/uploads\/2026\/03\/PHOTO-2026-03-27-15-48-26.jpg 627w\" sizes=\"auto, (max-width: 205px) 100vw, 205px\" \/> <img loading=\"lazy\" loading=\"lazy\" decoding=\"async\" class=\"alignnone size-medium wp-image-26014\" src=\"https:\/\/unifa-edu.info\/contenu\/wp-content\/uploads\/2026\/03\/1m84FWw8QL15aghFzCKb9VjHJD-H12s-Yw627-h468-p-k-nu-iv1-300x224.jpeg\" alt=\"\" width=\"300\" height=\"224\" srcset=\"https:\/\/unifa-edu.info\/contenu\/wp-content\/uploads\/2026\/03\/1m84FWw8QL15aghFzCKb9VjHJD-H12s-Yw627-h468-p-k-nu-iv1-300x224.jpeg 300w, https:\/\/unifa-edu.info\/contenu\/wp-content\/uploads\/2026\/03\/1m84FWw8QL15aghFzCKb9VjHJD-H12s-Yw627-h468-p-k-nu-iv1.jpeg 627w\" sizes=\"auto, (max-width: 300px) 100vw, 300px\" \/><\/p>\n<p>D\u00e8s le d\u00e9part Miss Gaussaint a justifi\u00e9 la pertinence du th\u00e8me en soulignant l\u2019omnipr\u00e9sence des r\u00e9seaux sociaux dans la vie quotidienne : \u00ab <em>Pourquoi parler des r\u00e9seaux sociaux aujourd\u2019hui ? La premi\u00e8re raison, c\u2019est qu\u2019ils font partie de notre quotidien. Qui, de nos jours, ne les utilise pas? Chaque publication constitue une prise de parole publique qui a tout son poids<\/em> \u00bb, a-t-elle affirm\u00e9.<\/p>\n<p>Elle a ensuite mis en lumi\u00e8re les diff\u00e9rentes motivations qui poussent \u00e0 utiliser les r\u00e9seaux sociaux : des raisons personnelles aux objectifs professionnels, en passant par la recherche de visibilit\u00e9 ou l\u2019engagement pour des causes. Toutefois, elle a attir\u00e9 l\u2019attention sur les d\u00e9rives possibles, notamment les contenus peu professionnels, les images d\u00e9valorisantes et les attitudes inappropri\u00e9es. \u00ab <em>Le probl\u00e8me survient lorsqu\u2019il y a un manque de recul avant de publier ou une diffusion rapide sans contr\u00f4le. On perd alors en cr\u00e9dibilit\u00e9, surtout lorsqu\u2019on partage des informations non ma\u00eetris\u00e9es. M\u00eame ce qui semble banal peut \u00eatre mal per\u00e7u<\/em> \u00bb, a-t-elle expliqu\u00e9.<\/p>\n<p>Poursuivant son intervention, la directrice a insist\u00e9 sur l\u2019impact des publications num\u00e9riques. Selon elle, celles-ci constituent un indicateur du s\u00e9rieux, du professionnalisme et du sens de la responsabilit\u00e9 d\u2019un individu. Elles influencent \u00e9galement l\u2019image que l\u2019on projette aupr\u00e8s du public. Elle a rappel\u00e9 que les recruteurs n\u2019h\u00e9sitent pas \u00e0 consulter les anciennes publications des candidats, notamment dans le cadre d\u2019un recrutement ou d\u2019une promotion.<\/p>\n<p><img loading=\"lazy\" loading=\"lazy\" decoding=\"async\" class=\"alignnone size-medium wp-image-25932\" src=\"https:\/\/unifa-edu.info\/contenu\/wp-content\/uploads\/2026\/03\/PHOTO-2026-03-27-15-47-41-300x224.jpg\" alt=\"\" width=\"300\" height=\"224\" srcset=\"https:\/\/unifa-edu.info\/contenu\/wp-content\/uploads\/2026\/03\/PHOTO-2026-03-27-15-47-41-300x224.jpg 300w, https:\/\/unifa-edu.info\/contenu\/wp-content\/uploads\/2026\/03\/PHOTO-2026-03-27-15-47-41.jpg 627w\" sizes=\"auto, (max-width: 300px) 100vw, 300px\" \/>\u00a0 \u00a0 \u00a0 \u00a0 \u00a0 \u00a0 \u00a0 <img loading=\"lazy\" loading=\"lazy\" decoding=\"async\" class=\"alignnone size-medium wp-image-25934\" src=\"https:\/\/unifa-edu.info\/contenu\/wp-content\/uploads\/2026\/03\/PHOTO-2026-03-27-15-52-47-300x224.jpg\" alt=\"\" width=\"300\" height=\"224\" srcset=\"https:\/\/unifa-edu.info\/contenu\/wp-content\/uploads\/2026\/03\/PHOTO-2026-03-27-15-52-47-300x224.jpg 300w, https:\/\/unifa-edu.info\/contenu\/wp-content\/uploads\/2026\/03\/PHOTO-2026-03-27-15-52-47.jpg 627w\" sizes=\"auto, (max-width: 300px) 100vw, 300px\" \/><\/p>\n<p>Par ailleurs, Miss Gaussaint a tenu \u00e0 souligner les aspects positifs des r\u00e9seaux sociaux :<br \/>\n\u00ab <em>Ils repr\u00e9sentent une opportunit\u00e9, souvent insoup\u00e7onn\u00e9e. C\u2019est une plateforme de visibilit\u00e9, un outil de valorisation personnelle, un moyen de partage de connaissances, voire une opportunit\u00e9 de carri\u00e8re. Tout d\u00e9pend de l\u2019usage que l\u2019on en fait<\/em> \u00bb, a-t-elle d\u00e9clar\u00e9.<\/p>\n<p>En conclusion, elle a invit\u00e9 la communaut\u00e9 universitaire \u00e0 adopter une utilisation r\u00e9fl\u00e9chie et strat\u00e9gique de ces outils : \u00ab <em>Utilisez ce pouvoir intelligemment. Publiez avec intention. Il ne s\u2019agit pas d\u2019arr\u00eater, mais d\u2019am\u00e9liorer. Transformez chaque publication en opportunit\u00e9 et soyez fiers de ce que vous montrez. Ce que vous publiez aujourd\u2019hui construit la perception que le monde aura de vous demain<\/em> \u00bb, a-t-elle conseill\u00e9.<\/p>\n<p><img loading=\"lazy\" loading=\"lazy\" decoding=\"async\" class=\"alignnone size-medium wp-image-25936\" src=\"https:\/\/unifa-edu.info\/contenu\/wp-content\/uploads\/2026\/03\/PHOTO-2026-03-27-15-49-29-300x224.jpg\" alt=\"\" width=\"300\" height=\"224\" srcset=\"https:\/\/unifa-edu.info\/contenu\/wp-content\/uploads\/2026\/03\/PHOTO-2026-03-27-15-49-29-300x224.jpg 300w, https:\/\/unifa-edu.info\/contenu\/wp-content\/uploads\/2026\/03\/PHOTO-2026-03-27-15-49-29.jpg 627w\" sizes=\"auto, (max-width: 300px) 100vw, 300px\" \/>\u00a0 \u00a0 \u00a0 \u00a0 \u00a0 \u00a0 \u00a0 <img loading=\"lazy\" loading=\"lazy\" decoding=\"async\" class=\"alignnone size-medium wp-image-25935\" src=\"https:\/\/unifa-edu.info\/contenu\/wp-content\/uploads\/2026\/03\/PHOTO-2026-03-27-15-52-10-300x224.jpg\" alt=\"\" width=\"300\" height=\"224\" srcset=\"https:\/\/unifa-edu.info\/contenu\/wp-content\/uploads\/2026\/03\/PHOTO-2026-03-27-15-52-10-300x224.jpg 300w, https:\/\/unifa-edu.info\/contenu\/wp-content\/uploads\/2026\/03\/PHOTO-2026-03-27-15-52-10.jpg 627w\" sizes=\"auto, (max-width: 300px) 100vw, 300px\" \/><\/p>\n<p>\u00c0 l\u2019issue de la conf\u00e9rence, l\u2019ambiance a pris une tournure plus dynamique avec la pr\u00e9sentation des dix \u00e9tudiants s\u00e9lectionn\u00e9s pour le concours. Pour cette premi\u00e8re prestation, chacun a rivalis\u00e9 de cr\u00e9ativit\u00e9, cherchant \u00e0 s\u00e9duire le public et \u00e0 marquer les esprits.<\/p>\n<p><img loading=\"lazy\" loading=\"lazy\" decoding=\"async\" class=\"alignnone size-medium wp-image-25933\" src=\"https:\/\/unifa-edu.info\/contenu\/wp-content\/uploads\/2026\/03\/PHOTO-2026-03-27-15-53-08-300x224.jpg\" alt=\"\" width=\"300\" height=\"224\" srcset=\"https:\/\/unifa-edu.info\/contenu\/wp-content\/uploads\/2026\/03\/PHOTO-2026-03-27-15-53-08-300x224.jpg 300w, https:\/\/unifa-edu.info\/contenu\/wp-content\/uploads\/2026\/03\/PHOTO-2026-03-27-15-53-08.jpg 627w\" sizes=\"auto, (max-width: 300px) 100vw, 300px\" \/><\/p>\n<p>Si les candidats ont su capter l\u2019attention, le public, quant \u00e0 lui, reste sur sa faim et attend avec impatience la prochaine \u00e9tape de la comp\u00e9tition, o\u00f9 les talents devront davantage se d\u00e9marquer pour esp\u00e9rer remporter le prix.<\/p>\n<p><img loading=\"lazy\" loading=\"lazy\" decoding=\"async\" class=\"alignnone size-medium wp-image-25945\" src=\"https:\/\/unifa-edu.info\/contenu\/wp-content\/uploads\/2026\/03\/PHOTO-2026-03-27-15-58-30-300x224.jpg\" alt=\"\" width=\"300\" height=\"224\" srcset=\"https:\/\/unifa-edu.info\/contenu\/wp-content\/uploads\/2026\/03\/PHOTO-2026-03-27-15-58-30-300x224.jpg 300w, https:\/\/unifa-edu.info\/contenu\/wp-content\/uploads\/2026\/03\/PHOTO-2026-03-27-15-58-30.jpg 627w\" sizes=\"auto, (max-width: 300px) 100vw, 300px\" \/>\u00a0 \u00a0 \u00a0 \u00a0 \u00a0 \u00a0\u00a0 \u00a0<img loading=\"lazy\" loading=\"lazy\" decoding=\"async\" class=\"alignnone size-medium wp-image-25937\" src=\"https:\/\/unifa-edu.info\/contenu\/wp-content\/uploads\/2026\/03\/PHOTO-2026-03-27-15-55-58-300x224.jpg\" alt=\"\" width=\"300\" height=\"224\" srcset=\"https:\/\/unifa-edu.info\/contenu\/wp-content\/uploads\/2026\/03\/PHOTO-2026-03-27-15-55-58-300x224.jpg 300w, https:\/\/unifa-edu.info\/contenu\/wp-content\/uploads\/2026\/03\/PHOTO-2026-03-27-15-55-58.jpg 627w\" sizes=\"auto, (max-width: 300px) 100vw, 300px\" \/><\/p>\n<p><img loading=\"lazy\" loading=\"lazy\" decoding=\"async\" class=\"alignnone size-medium wp-image-25940\" src=\"https:\/\/unifa-edu.info\/contenu\/wp-content\/uploads\/2026\/03\/PHOTO-2026-03-27-15-54-09-300x224.jpg\" alt=\"\" width=\"300\" height=\"224\" srcset=\"https:\/\/unifa-edu.info\/contenu\/wp-content\/uploads\/2026\/03\/PHOTO-2026-03-27-15-54-09-300x224.jpg 300w, https:\/\/unifa-edu.info\/contenu\/wp-content\/uploads\/2026\/03\/PHOTO-2026-03-27-15-54-09.jpg 627w\" sizes=\"auto, (max-width: 300px) 100vw, 300px\" \/>\u00a0 \u00a0 \u00a0 \u00a0 \u00a0 \u00a0 \u00a0\u00a0 <img loading=\"lazy\" loading=\"lazy\" decoding=\"async\" class=\"alignnone size-medium wp-image-25941\" src=\"https:\/\/unifa-edu.info\/contenu\/wp-content\/uploads\/2026\/03\/PHOTO-2026-03-27-15-58-04-300x224.jpg\" alt=\"\" width=\"300\" height=\"224\" srcset=\"https:\/\/unifa-edu.info\/contenu\/wp-content\/uploads\/2026\/03\/PHOTO-2026-03-27-15-58-04-300x224.jpg 300w, https:\/\/unifa-edu.info\/contenu\/wp-content\/uploads\/2026\/03\/PHOTO-2026-03-27-15-58-04.jpg 627w\" sizes=\"auto, (max-width: 300px) 100vw, 300px\" \/><\/p>\n<p><img loading=\"lazy\" loading=\"lazy\" decoding=\"async\" class=\"alignnone size-medium wp-image-25942\" src=\"https:\/\/unifa-edu.info\/contenu\/wp-content\/uploads\/2026\/03\/PHOTO-2026-03-27-15-57-41-300x224.jpg\" alt=\"\" width=\"300\" height=\"224\" srcset=\"https:\/\/unifa-edu.info\/contenu\/wp-content\/uploads\/2026\/03\/PHOTO-2026-03-27-15-57-41-300x224.jpg 300w, https:\/\/unifa-edu.info\/contenu\/wp-content\/uploads\/2026\/03\/PHOTO-2026-03-27-15-57-41.jpg 627w\" sizes=\"auto, (max-width: 300px) 100vw, 300px\" \/>\u00a0 \u00a0 \u00a0 \u00a0 \u00a0 \u00a0 \u00a0\u00a0 <img loading=\"lazy\" loading=\"lazy\" decoding=\"async\" class=\"alignnone size-medium wp-image-25943\" src=\"https:\/\/unifa-edu.info\/contenu\/wp-content\/uploads\/2026\/03\/PHOTO-2026-03-27-15-57-18-300x224.jpg\" alt=\"\" width=\"300\" height=\"224\" srcset=\"https:\/\/unifa-edu.info\/contenu\/wp-content\/uploads\/2026\/03\/PHOTO-2026-03-27-15-57-18-300x224.jpg 300w, https:\/\/unifa-edu.info\/contenu\/wp-content\/uploads\/2026\/03\/PHOTO-2026-03-27-15-57-18.jpg 627w\" sizes=\"auto, (max-width: 300px) 100vw, 300px\" \/><\/p>\n<p><img loading=\"lazy\" loading=\"lazy\" decoding=\"async\" class=\"alignnone size-medium wp-image-25944\" src=\"https:\/\/unifa-edu.info\/contenu\/wp-content\/uploads\/2026\/03\/PHOTO-2026-03-27-15-56-39-300x224.jpg\" alt=\"\" width=\"300\" height=\"224\" srcset=\"https:\/\/unifa-edu.info\/contenu\/wp-content\/uploads\/2026\/03\/PHOTO-2026-03-27-15-56-39-300x224.jpg 300w, https:\/\/unifa-edu.info\/contenu\/wp-content\/uploads\/2026\/03\/PHOTO-2026-03-27-15-56-39.jpg 627w\" sizes=\"auto, (max-width: 300px) 100vw, 300px\" \/>\u00a0 \u00a0 \u00a0 \u00a0 \u00a0 \u00a0 \u00a0\u00a0 \u00a0<img loading=\"lazy\" loading=\"lazy\" decoding=\"async\" class=\"alignnone size-medium wp-image-25930\" src=\"https:\/\/unifa-edu.info\/contenu\/wp-content\/uploads\/2026\/03\/PHOTO-2026-03-27-15-48-48-300x224.jpg\" alt=\"\" width=\"300\" height=\"224\" srcset=\"https:\/\/unifa-edu.info\/contenu\/wp-content\/uploads\/2026\/03\/PHOTO-2026-03-27-15-48-48-300x224.jpg 300w, https:\/\/unifa-edu.info\/contenu\/wp-content\/uploads\/2026\/03\/PHOTO-2026-03-27-15-48-48.jpg 627w\" sizes=\"auto, (max-width: 300px) 100vw, 300px\" \/><\/p>\n<p>&nbsp;<\/p>\n<p><img loading=\"lazy\" loading=\"lazy\" decoding=\"async\" class=\"alignnone size-medium wp-image-25938\" src=\"https:\/\/unifa-edu.info\/contenu\/wp-content\/uploads\/2026\/03\/PHOTO-2026-03-27-15-56-13-300x224.jpg\" alt=\"\" width=\"300\" height=\"224\" srcset=\"https:\/\/unifa-edu.info\/contenu\/wp-content\/uploads\/2026\/03\/PHOTO-2026-03-27-15-56-13-300x224.jpg 300w, https:\/\/unifa-edu.info\/contenu\/wp-content\/uploads\/2026\/03\/PHOTO-2026-03-27-15-56-13.jpg 627w\" sizes=\"auto, (max-width: 300px) 100vw, 300px\" \/>\u00a0 \u00a0 \u00a0 \u00a0 \u00a0 \u00a0 \u00a0 \u00a0 <img loading=\"lazy\" loading=\"lazy\" decoding=\"async\" class=\"alignnone size-medium wp-image-25939\" src=\"https:\/\/unifa-edu.info\/contenu\/wp-content\/uploads\/2026\/03\/PHOTO-2026-03-27-15-55-24-300x224.jpg\" alt=\"\" width=\"300\" height=\"224\" srcset=\"https:\/\/unifa-edu.info\/contenu\/wp-content\/uploads\/2026\/03\/PHOTO-2026-03-27-15-55-24-300x224.jpg 300w, https:\/\/unifa-edu.info\/contenu\/wp-content\/uploads\/2026\/03\/PHOTO-2026-03-27-15-55-24.jpg 627w\" sizes=\"auto, (max-width: 300px) 100vw, 300px\" \/><\/p>\n\t<\/div>\n\n\t<!--\tThis outputs the post META information -->\n\t<div class=\"entry-utility\">\n\t\t\t\t\t\t\t\t<span class=\"meta-sep\">&equiv;<\/span>\n\t\t\t\t<\/div>\n\t<\/div>\n<\/div>\n<!-- \/\/ Post Wrap End -->\n\n<h4 style=\"text-align: right;\"><a href=\"\/contenu\/activites-et-services\/page\/2\/\"> \u261e page suivante<\/a><\/h4>\n","protected":false},"excerpt":{"rendered":"<p>Avis Les r\u00e9sultats du concours d&#8217;admission seront disponibles au campus de l&#8217;Universit\u00e9 le Jeudi 9 Septembre \u00e0 10 hres AM. UNIFARISTES ET CLINIQUES MOBILES DANS LA GRANDE ANSE LES MEDECINS DIPLOMES DE L\u2019UNIVERSITE DE LA FONDATION DR ARISTIDE (UNIFA) SE METTENT AU SERVICE DES BLESSES DES COMMUNAUTES DE LA GRANDE ANSE, VICTIMES DU SEISME DU <br \/><a class=\"read-more\" href=\"https:\/\/unifa-edu.info\/contenu\/2026\/03\/25928\/\">&#8230;(Lire la suite)<\/a><\/p>\n","protected":false},"author":3831,"featured_media":0,"parent":0,"menu_order":1,"comment_status":"closed","ping_status":"closed","template":"accueil.php","meta":{"footnotes":""},"class_list":["post-223","page","type-page","status-publish","hentry"],"yoast_head":"<!-- This site is optimized with the Yoast SEO plugin v27.4 - https:\/\/yoast.com\/product\/yoast-seo-wordpress\/ -->\n<title>Bienvenue sur le site de l&#039;UNIFA - Universit\u00e9 de la Fondation Dr Aristide<\/title>\n<meta name=\"robots\" content=\"index, follow, max-snippet:-1, max-image-preview:large, max-video-preview:-1\" \/>\n<link rel=\"canonical\" href=\"https:\/\/unifa-edu.info\/contenu\/accueil\/\" \/>\n<meta property=\"og:locale\" content=\"fr_FR\" \/>\n<meta property=\"og:type\" content=\"article\" \/>\n<meta property=\"og:title\" content=\"Bienvenue sur le site de l&#039;UNIFA - Universit\u00e9 de la Fondation Dr Aristide\" \/>\n<meta property=\"og:description\" content=\"Avis Les r\u00e9sultats du concours d&#8217;admission seront disponibles au campus de l&#8217;Universit\u00e9 le Jeudi 9 Septembre \u00e0 10 hres AM. UNIFARISTES ET CLINIQUES MOBILES DANS LA GRANDE ANSE LES MEDECINS DIPLOMES DE L\u2019UNIVERSITE DE LA FONDATION DR ARISTIDE (UNIFA) SE METTENT AU SERVICE DES BLESSES DES COMMUNAUTES DE LA GRANDE ANSE, VICTIMES DU SEISME DU ...(Lire la suite)\" \/>\n<meta property=\"og:url\" content=\"https:\/\/unifa-edu.info\/contenu\/accueil\/\" \/>\n<meta property=\"og:site_name\" content=\"Universit\u00e9 de la Fondation Dr Aristide\" \/>\n<meta property=\"article:modified_time\" content=\"2021-09-10T05:40:42+00:00\" \/>\n<meta property=\"og:image\" content=\"https:\/\/unifa-edu.info\/contenu\/wp-content\/uploads\/2021\/07\/logo-circle-300x300.png\" \/>\n<meta name=\"twitter:card\" content=\"summary_large_image\" \/>\n<meta name=\"twitter:label1\" content=\"Dur\u00e9e de lecture estim\u00e9e\" \/>\n\t<meta name=\"twitter:data1\" content=\"10 minutes\" \/>\n<script type=\"application\/ld+json\" class=\"yoast-schema-graph\">{\"@context\":\"https:\\\/\\\/schema.org\",\"@graph\":[{\"@type\":\"WebPage\",\"@id\":\"https:\\\/\\\/unifa-edu.info\\\/contenu\\\/accueil\\\/\",\"url\":\"https:\\\/\\\/unifa-edu.info\\\/contenu\\\/accueil\\\/\",\"name\":\"Bienvenue sur le site de l'UNIFA - Universit\u00e9 de la Fondation Dr Aristide\",\"isPartOf\":{\"@id\":\"https:\\\/\\\/unifa-edu.info\\\/contenu\\\/#website\"},\"primaryImageOfPage\":{\"@id\":\"https:\\\/\\\/unifa-edu.info\\\/contenu\\\/accueil\\\/#primaryimage\"},\"image\":{\"@id\":\"https:\\\/\\\/unifa-edu.info\\\/contenu\\\/accueil\\\/#primaryimage\"},\"thumbnailUrl\":\"https:\\\/\\\/unifa-edu.info\\\/contenu\\\/wp-content\\\/uploads\\\/2021\\\/07\\\/logo-circle-300x300.png\",\"datePublished\":\"2019-08-01T13:50:53+00:00\",\"dateModified\":\"2021-09-10T05:40:42+00:00\",\"breadcrumb\":{\"@id\":\"https:\\\/\\\/unifa-edu.info\\\/contenu\\\/accueil\\\/#breadcrumb\"},\"inLanguage\":\"fr-FR\",\"potentialAction\":[{\"@type\":\"ReadAction\",\"target\":[\"https:\\\/\\\/unifa-edu.info\\\/contenu\\\/accueil\\\/\"]}]},{\"@type\":\"ImageObject\",\"inLanguage\":\"fr-FR\",\"@id\":\"https:\\\/\\\/unifa-edu.info\\\/contenu\\\/accueil\\\/#primaryimage\",\"url\":\"https:\\\/\\\/unifa-edu.info\\\/contenu\\\/wp-content\\\/uploads\\\/2021\\\/07\\\/logo-circle.png\",\"contentUrl\":\"https:\\\/\\\/unifa-edu.info\\\/contenu\\\/wp-content\\\/uploads\\\/2021\\\/07\\\/logo-circle.png\",\"width\":546,\"height\":546},{\"@type\":\"BreadcrumbList\",\"@id\":\"https:\\\/\\\/unifa-edu.info\\\/contenu\\\/accueil\\\/#breadcrumb\",\"itemListElement\":[{\"@type\":\"ListItem\",\"position\":1,\"name\":\"Accueil\",\"item\":\"https:\\\/\\\/unifa-edu.info\\\/contenu\\\/\"},{\"@type\":\"ListItem\",\"position\":2,\"name\":\"Bienvenue sur le site de l&#8217;UNIFA\"}]},{\"@type\":\"WebSite\",\"@id\":\"https:\\\/\\\/unifa-edu.info\\\/contenu\\\/#website\",\"url\":\"https:\\\/\\\/unifa-edu.info\\\/contenu\\\/\",\"name\":\"Universit\u00e9 de la Fondation Dr Aristide\",\"description\":\"\",\"potentialAction\":[{\"@type\":\"SearchAction\",\"target\":{\"@type\":\"EntryPoint\",\"urlTemplate\":\"https:\\\/\\\/unifa-edu.info\\\/contenu\\\/?s={search_term_string}\"},\"query-input\":{\"@type\":\"PropertyValueSpecification\",\"valueRequired\":true,\"valueName\":\"search_term_string\"}}],\"inLanguage\":\"fr-FR\"}]}<\/script>\n<!-- \/ Yoast SEO plugin. -->","yoast_head_json":{"title":"Bienvenue sur le site de l'UNIFA - Universit\u00e9 de la Fondation Dr Aristide","robots":{"index":"index","follow":"follow","max-snippet":"max-snippet:-1","max-image-preview":"max-image-preview:large","max-video-preview":"max-video-preview:-1"},"canonical":"https:\/\/unifa-edu.info\/contenu\/accueil\/","og_locale":"fr_FR","og_type":"article","og_title":"Bienvenue sur le site de l'UNIFA - Universit\u00e9 de la Fondation Dr Aristide","og_description":"Avis Les r\u00e9sultats du concours d&#8217;admission seront disponibles au campus de l&#8217;Universit\u00e9 le Jeudi 9 Septembre \u00e0 10 hres AM. UNIFARISTES ET CLINIQUES MOBILES DANS LA GRANDE ANSE LES MEDECINS DIPLOMES DE L\u2019UNIVERSITE DE LA FONDATION DR ARISTIDE (UNIFA) SE METTENT AU SERVICE DES BLESSES DES COMMUNAUTES DE LA GRANDE ANSE, VICTIMES DU SEISME DU ...(Lire la suite)","og_url":"https:\/\/unifa-edu.info\/contenu\/accueil\/","og_site_name":"Universit\u00e9 de la Fondation Dr Aristide","article_modified_time":"2021-09-10T05:40:42+00:00","og_image":[{"url":"https:\/\/unifa-edu.info\/contenu\/wp-content\/uploads\/2021\/07\/logo-circle-300x300.png","type":"","width":"","height":""}],"twitter_card":"summary_large_image","twitter_misc":{"Dur\u00e9e de lecture estim\u00e9e":"10 minutes"},"schema":{"@context":"https:\/\/schema.org","@graph":[{"@type":"WebPage","@id":"https:\/\/unifa-edu.info\/contenu\/accueil\/","url":"https:\/\/unifa-edu.info\/contenu\/accueil\/","name":"Bienvenue sur le site de l'UNIFA - Universit\u00e9 de la Fondation Dr Aristide","isPartOf":{"@id":"https:\/\/unifa-edu.info\/contenu\/#website"},"primaryImageOfPage":{"@id":"https:\/\/unifa-edu.info\/contenu\/accueil\/#primaryimage"},"image":{"@id":"https:\/\/unifa-edu.info\/contenu\/accueil\/#primaryimage"},"thumbnailUrl":"https:\/\/unifa-edu.info\/contenu\/wp-content\/uploads\/2021\/07\/logo-circle-300x300.png","datePublished":"2019-08-01T13:50:53+00:00","dateModified":"2021-09-10T05:40:42+00:00","breadcrumb":{"@id":"https:\/\/unifa-edu.info\/contenu\/accueil\/#breadcrumb"},"inLanguage":"fr-FR","potentialAction":[{"@type":"ReadAction","target":["https:\/\/unifa-edu.info\/contenu\/accueil\/"]}]},{"@type":"ImageObject","inLanguage":"fr-FR","@id":"https:\/\/unifa-edu.info\/contenu\/accueil\/#primaryimage","url":"https:\/\/unifa-edu.info\/contenu\/wp-content\/uploads\/2021\/07\/logo-circle.png","contentUrl":"https:\/\/unifa-edu.info\/contenu\/wp-content\/uploads\/2021\/07\/logo-circle.png","width":546,"height":546},{"@type":"BreadcrumbList","@id":"https:\/\/unifa-edu.info\/contenu\/accueil\/#breadcrumb","itemListElement":[{"@type":"ListItem","position":1,"name":"Accueil","item":"https:\/\/unifa-edu.info\/contenu\/"},{"@type":"ListItem","position":2,"name":"Bienvenue sur le site de l&#8217;UNIFA"}]},{"@type":"WebSite","@id":"https:\/\/unifa-edu.info\/contenu\/#website","url":"https:\/\/unifa-edu.info\/contenu\/","name":"Universit\u00e9 de la Fondation Dr Aristide","description":"","potentialAction":[{"@type":"SearchAction","target":{"@type":"EntryPoint","urlTemplate":"https:\/\/unifa-edu.info\/contenu\/?s={search_term_string}"},"query-input":{"@type":"PropertyValueSpecification","valueRequired":true,"valueName":"search_term_string"}}],"inLanguage":"fr-FR"}]}},"_links":{"self":[{"href":"https:\/\/unifa-edu.info\/contenu\/wp-json\/wp\/v2\/pages\/223","targetHints":{"allow":["GET"]}}],"collection":[{"href":"https:\/\/unifa-edu.info\/contenu\/wp-json\/wp\/v2\/pages"}],"about":[{"href":"https:\/\/unifa-edu.info\/contenu\/wp-json\/wp\/v2\/types\/page"}],"author":[{"embeddable":true,"href":"https:\/\/unifa-edu.info\/contenu\/wp-json\/wp\/v2\/users\/3831"}],"replies":[{"embeddable":true,"href":"https:\/\/unifa-edu.info\/contenu\/wp-json\/wp\/v2\/comments?post=223"}],"version-history":[{"count":57,"href":"https:\/\/unifa-edu.info\/contenu\/wp-json\/wp\/v2\/pages\/223\/revisions"}],"predecessor-version":[{"id":17527,"href":"https:\/\/unifa-edu.info\/contenu\/wp-json\/wp\/v2\/pages\/223\/revisions\/17527"}],"wp:attachment":[{"href":"https:\/\/unifa-edu.info\/contenu\/wp-json\/wp\/v2\/media?parent=223"}],"curies":[{"name":"wp","href":"https:\/\/api.w.org\/{rel}","templated":true}]}}